{"id":10620,"date":"2023-02-24T17:11:25","date_gmt":"2023-02-24T16:11:25","guid":{"rendered":"https:\/\/www.senanque.fr\/senanque-abbey-community\/"},"modified":"2024-07-08T22:55:59","modified_gmt":"2024-07-08T20:55:59","slug":"senanque-abbey-community","status":"publish","type":"page","link":"https:\/\/www.senanque.fr\/en\/senanque-abbey-community\/","title":{"rendered":"Senanque Abbey Community"},"content":{"rendered":"<div class=\"fusion-fullwidth fullwidth-box fusion-builder-row-1 fusion-flex-container has-pattern-background has-mask-background nonhundred-percent-fullwidth non-hundred-percent-height-scrolling\" style=\"--awb-border-radius-top-left:0px;--awb-border-radius-top-right:0px;--awb-border-radius-bottom-right:0px;--awb-border-radius-bottom-left:0px;--awb-padding-top:30px;--awb-padding-bottom:15px;--awb-background-color:var(--awb-color4);--awb-flex-wrap:wrap;\" ><div class=\"fusion-builder-row fusion-row fusion-flex-align-items-flex-start fusion-flex-content-wrap\" style=\"max-width:1248px;margin-left: calc(-4% \/ 2 );margin-right: calc(-4% \/ 2 );\"><div class=\"fusion-layout-column fusion_builder_column fusion-builder-column-0 fusion_builder_column_1_1 1_1 fusion-flex-column\" style=\"--awb-bg-size:cover;--awb-width-large:100%;--awb-margin-top-large:0px;--awb-spacing-right-large:1.92%;--awb-margin-bottom-large:20px;--awb-spacing-left-large:1.92%;--awb-width-medium:100%;--awb-order-medium:0;--awb-spacing-right-medium:1.92%;--awb-spacing-left-medium:1.92%;--awb-width-small:100%;--awb-order-small:0;--awb-spacing-right-small:1.92%;--awb-spacing-left-small:1.92%;\"><div class=\"fusion-column-wrapper fusion-column-has-shadow fusion-flex-justify-content-flex-start fusion-content-layout-column\"><div class=\"fusion-title title fusion-title-1 fusion-sep-none fusion-title-center fusion-title-text fusion-title-size-one\" style=\"--awb-margin-top:5%;--awb-margin-bottom:5%;--awb-margin-top-small:10px;--awb-margin-right-small:0px;--awb-margin-bottom-small:10px;--awb-margin-left-small:0px;\" id=\"#notre-jounree\"><h1 class=\"fusion-title-heading title-heading-center\" style=\"margin:0;\">Notre-Dame de S\u00e9nanque community<\/h1><\/div><nav class=\"fusion-breadcrumbs awb-yoast-breadcrumbs fusion-breadcrumbs-1\" style=\"--awb-alignment:center;--awb-text-hover-color:var(--awb-color1);--awb-breadcrumb-sep:&#039;&gt;&#039;;text-align:center;\" aria-label=\"Breadcrumb\"><ol class=\"awb-breadcrumb-list\"><li class=\"fusion-breadcrumb-item awb-breadcrumb-sep awb-home\" ><a href=\"https:\/\/www.senanque.fr\/en\/\" class=\"fusion-breadcrumb-link\"><span >Home<\/span><\/a><\/li><\/ol><\/nav><\/div><\/div><\/div><\/div><div class=\"fusion-fullwidth fullwidth-box fusion-builder-row-2 fusion-flex-container has-pattern-background has-mask-background nonhundred-percent-fullwidth non-hundred-percent-height-scrolling\" style=\"--awb-border-radius-top-left:0px;--awb-border-radius-top-right:0px;--awb-border-radius-bottom-right:0px;--awb-border-radius-bottom-left:0px;--awb-padding-top:30px;--awb-padding-bottom:15px;--awb-flex-wrap:wrap;\" ><div class=\"fusion-builder-row fusion-row fusion-flex-align-items-center fusion-flex-content-wrap\" style=\"max-width:1248px;margin-left: calc(-4% \/ 2 );margin-right: calc(-4% \/ 2 );\"><div class=\"fusion-layout-column fusion_builder_column fusion-builder-column-1 fusion_builder_column_1_1 1_1 fusion-flex-column\" style=\"--awb-bg-size:cover;--awb-width-large:100%;--awb-margin-top-large:0px;--awb-spacing-right-large:1.92%;--awb-margin-bottom-large:20px;--awb-spacing-left-large:1.92%;--awb-width-medium:100%;--awb-order-medium:0;--awb-spacing-right-medium:1.92%;--awb-spacing-left-medium:1.92%;--awb-width-small:100%;--awb-order-small:0;--awb-spacing-right-small:1.92%;--awb-spacing-left-small:1.92%;\"><div class=\"fusion-column-wrapper fusion-column-has-shadow fusion-flex-justify-content-flex-start fusion-content-layout-column\"><div class=\"fusion-builder-row fusion-builder-row-inner fusion-row fusion-flex-align-items-center fusion-flex-content-wrap\" style=\"--awb-flex-grow:0;--awb-flex-grow-medium:0;--awb-flex-grow-small:0;--awb-flex-shrink:0;--awb-flex-shrink-medium:0;--awb-flex-shrink-small:0;width:104% !important;max-width:104% !important;margin-left: calc(-4% \/ 2 );margin-right: calc(-4% \/ 2 );\"><div class=\"fusion-layout-column fusion_builder_column_inner fusion-builder-nested-column-0 fusion_builder_column_inner_1_4 1_4 fusion-flex-column\" style=\"--awb-bg-size:cover;--awb-width-large:25%;--awb-margin-top-large:0px;--awb-spacing-right-large:7.68%;--awb-margin-bottom-large:20px;--awb-spacing-left-large:7.68%;--awb-width-medium:25%;--awb-order-medium:0;--awb-spacing-right-medium:7.68%;--awb-spacing-left-medium:7.68%;--awb-width-small:100%;--awb-order-small:0;--awb-spacing-right-small:1.92%;--awb-spacing-left-small:1.92%;\"><div class=\"fusion-column-wrapper fusion-column-has-shadow fusion-flex-justify-content-flex-start fusion-content-layout-column\"><\/div><\/div><div class=\"fusion-layout-column fusion_builder_column_inner fusion-builder-nested-column-1 fusion_builder_column_inner_1_2 1_2 fusion-flex-column\" style=\"--awb-bg-size:cover;--awb-width-large:50%;--awb-margin-top-large:0px;--awb-spacing-right-large:3.84%;--awb-margin-bottom-large:20px;--awb-spacing-left-large:3.84%;--awb-width-medium:50%;--awb-order-medium:0;--awb-spacing-right-medium:3.84%;--awb-spacing-left-medium:3.84%;--awb-width-small:100%;--awb-order-small:0;--awb-spacing-right-small:1.92%;--awb-spacing-left-small:1.92%;\"><div class=\"fusion-column-wrapper fusion-column-has-shadow fusion-flex-justify-content-flex-start fusion-content-layout-column\"><div class=\"fusion-title title fusion-title-2 fusion-sep-none fusion-title-text fusion-title-size-two\" style=\"--awb-margin-top:5%;--awb-margin-bottom:5%;--awb-margin-top-small:5%;--awb-margin-right-small:0px;--awb-margin-bottom-small:5%;--awb-margin-left-small:0px;--awb-margin-top-medium:5%;--awb-margin-bottom-medium:5%;\"><h2 class=\"fusion-title-heading title-heading-left\" style=\"margin:0;\"><p style=\"text-align: center;\">Our day<\/p><\/h2><\/div><div class=\"fusion-text fusion-text-1\"><p>Just like during the 12<sup>th<\/sup>\u00a0century, a community of Cistercians monks is currently living in the Abbey of S\u00e9nanque, still following the rule of Saint Benedict.<\/p>\n<p>Seven times a day, the monks gather in the abbey church to pray together.<\/p>\n<p>The brothers of S\u00e9nanque dedicate their lives to prayer and labour.<\/p>\n<\/div><\/div><\/div><div class=\"fusion-layout-column fusion_builder_column_inner fusion-builder-nested-column-2 fusion_builder_column_inner_1_4 1_4 fusion-flex-column\" style=\"--awb-bg-size:cover;--awb-width-large:25%;--awb-margin-top-large:0px;--awb-spacing-right-large:7.68%;--awb-margin-bottom-large:20px;--awb-spacing-left-large:7.68%;--awb-width-medium:25%;--awb-order-medium:0;--awb-spacing-right-medium:7.68%;--awb-spacing-left-medium:7.68%;--awb-width-small:100%;--awb-order-small:0;--awb-spacing-right-small:1.92%;--awb-spacing-left-small:1.92%;\"><div class=\"fusion-column-wrapper fusion-column-has-shadow fusion-flex-justify-content-flex-start fusion-content-layout-column\"><\/div><\/div><div class=\"fusion-layout-column fusion_builder_column_inner fusion-builder-nested-column-3 fusion_builder_column_inner_1_5 1_5 fusion-flex-column\" style=\"--awb-bg-size:cover;--awb-width-large:20%;--awb-margin-top-large:0px;--awb-spacing-right-large:9.6%;--awb-margin-bottom-large:20px;--awb-spacing-left-large:9.6%;--awb-width-medium:20%;--awb-order-medium:0;--awb-spacing-right-medium:9.6%;--awb-spacing-left-medium:9.6%;--awb-width-small:100%;--awb-order-small:0;--awb-spacing-right-small:1.92%;--awb-spacing-left-small:1.92%;\"><div class=\"fusion-column-wrapper fusion-column-has-shadow fusion-flex-justify-content-flex-start fusion-content-layout-column\"><\/div><\/div><div class=\"fusion-layout-column fusion_builder_column_inner fusion-builder-nested-column-4 fusion_builder_column_inner_3_5 3_5 fusion-flex-column\" style=\"--awb-bg-size:cover;--awb-width-large:60%;--awb-margin-top-large:0px;--awb-spacing-right-large:3.2%;--awb-margin-bottom-large:20px;--awb-spacing-left-large:3.2%;--awb-width-medium:60%;--awb-order-medium:0;--awb-spacing-right-medium:3.2%;--awb-spacing-left-medium:3.2%;--awb-width-small:100%;--awb-order-small:0;--awb-spacing-right-small:1.92%;--awb-spacing-left-small:1.92%;\"><div class=\"fusion-column-wrapper fusion-column-has-shadow fusion-flex-justify-content-flex-start fusion-content-layout-column\"><div class=\"fusion-image-element \" style=\"text-align:center;--awb-max-width:65%;--awb-caption-title-font-family:var(--h2_typography-font-family);--awb-caption-title-font-weight:var(--h2_typography-font-weight);--awb-caption-title-font-style:var(--h2_typography-font-style);--awb-caption-title-size:var(--h2_typography-font-size);--awb-caption-title-transform:var(--h2_typography-text-transform);--awb-caption-title-line-height:var(--h2_typography-line-height);--awb-caption-title-letter-spacing:var(--h2_typography-letter-spacing);\"><span class=\" fusion-imageframe imageframe-none imageframe-1 hover-type-none\" style=\"border-radius:5px;\"><a href=\"https:\/\/www.senanque.fr\/wp-content\/uploads\/2018\/04\/journee-monastique.png\" class=\"fusion-lightbox\" data-rel=\"iLightbox[bafe7f349ae60f88e34]\" data-title=\"Journ\u00e9e Monastique\" title=\"Journ\u00e9e Monastique\"><img decoding=\"async\" width=\"640\" height=\"606\" alt=\"Day of cistercians Monk of the abbey\" src=\"data:image\/svg+xml,%3Csvg%20xmlns%3D%27http%3A%2F%2Fwww.w3.org%2F2000%2Fsvg%27%20width%3D%27640%27%20height%3D%27606%27%20viewBox%3D%270%200%20640%20606%27%3E%3Crect%20width%3D%27640%27%20height%3D%27606%27%20fill-opacity%3D%220%22%2F%3E%3C%2Fsvg%3E\" data-orig-src=\"https:\/\/www.senanque.fr\/wp-content\/uploads\/2018\/04\/journee-monastique.png\" class=\"lazyload img-responsive wp-image-6128\"\/><\/a><\/span><\/div><\/div><\/div><div class=\"fusion-layout-column fusion_builder_column_inner fusion-builder-nested-column-5 fusion_builder_column_inner_1_5 1_5 fusion-flex-column\" style=\"--awb-bg-size:cover;--awb-width-large:20%;--awb-margin-top-large:0px;--awb-spacing-right-large:9.6%;--awb-margin-bottom-large:20px;--awb-spacing-left-large:9.6%;--awb-width-medium:20%;--awb-order-medium:0;--awb-spacing-right-medium:9.6%;--awb-spacing-left-medium:9.6%;--awb-width-small:100%;--awb-order-small:0;--awb-spacing-right-small:1.92%;--awb-spacing-left-small:1.92%;\"><div class=\"fusion-column-wrapper fusion-column-has-shadow fusion-flex-justify-content-flex-start fusion-content-layout-column\"><\/div><\/div><\/div><\/div><\/div><\/div><\/div><div class=\"fusion-fullwidth fullwidth-box fusion-builder-row-3 fusion-flex-container has-pattern-background has-mask-background nonhundred-percent-fullwidth non-hundred-percent-height-scrolling\" style=\"--awb-border-radius-top-left:0px;--awb-border-radius-top-right:0px;--awb-border-radius-bottom-right:0px;--awb-border-radius-bottom-left:0px;--awb-padding-top:30px;--awb-padding-bottom:15px;--awb-background-color:var(--awb-color4);--awb-flex-wrap:wrap;\" ><div class=\"fusion-builder-row fusion-row fusion-flex-align-items-flex-start fusion-flex-content-wrap\" style=\"max-width:1248px;margin-left: calc(-4% \/ 2 );margin-right: calc(-4% \/ 2 );\"><div class=\"fusion-layout-column fusion_builder_column fusion-builder-column-2 fusion_builder_column_1_1 1_1 fusion-flex-column\" style=\"--awb-bg-color:var(--awb-color4);--awb-bg-color-hover:var(--awb-color4);--awb-bg-size:cover;--awb-width-large:100%;--awb-margin-top-large:0px;--awb-spacing-right-large:1.92%;--awb-margin-bottom-large:20px;--awb-spacing-left-large:1.92%;--awb-width-medium:100%;--awb-order-medium:0;--awb-spacing-right-medium:1.92%;--awb-spacing-left-medium:1.92%;--awb-width-small:100%;--awb-order-small:0;--awb-spacing-right-small:1.92%;--awb-spacing-left-small:1.92%;\"><div class=\"fusion-column-wrapper fusion-column-has-shadow fusion-flex-justify-content-flex-start fusion-content-layout-column\"><div class=\"fusion-builder-row fusion-builder-row-inner fusion-row fusion-flex-align-items-flex-start fusion-flex-content-wrap\" style=\"--awb-flex-grow:0;--awb-flex-grow-medium:0;--awb-flex-grow-small:0;--awb-flex-shrink:0;--awb-flex-shrink-medium:0;--awb-flex-shrink-small:0;width:104% !important;max-width:104% !important;margin-left: calc(-4% \/ 2 );margin-right: calc(-4% \/ 2 );\"><div class=\"fusion-layout-column fusion_builder_column_inner fusion-builder-nested-column-6 fusion_builder_column_inner_1_1 1_1 fusion-flex-column\" style=\"--awb-bg-size:cover;--awb-width-large:100%;--awb-margin-top-large:0px;--awb-spacing-right-large:1.92%;--awb-margin-bottom-large:20px;--awb-spacing-left-large:1.92%;--awb-width-medium:100%;--awb-order-medium:0;--awb-spacing-right-medium:1.92%;--awb-spacing-left-medium:1.92%;--awb-width-small:100%;--awb-order-small:0;--awb-spacing-right-small:1.92%;--awb-spacing-left-small:1.92%;\"><div class=\"fusion-column-wrapper fusion-column-has-shadow fusion-flex-justify-content-flex-start fusion-content-layout-column\"><div class=\"fusion-title title fusion-title-3 fusion-sep-none fusion-title-text fusion-title-size-two\" style=\"--awb-margin-top:5%;--awb-margin-bottom:5%;--awb-margin-top-small:5%;--awb-margin-right-small:0px;--awb-margin-bottom-small:5%;--awb-margin-left-small:0px;--awb-margin-top-medium:5%;--awb-margin-bottom-medium:5%;\"><h2 class=\"fusion-title-heading title-heading-left\" style=\"margin:0;\"><p class=\"vc_custom_heading vc_custom_1523870513948\">Liturgy of the Hours<\/p><\/h2><\/div><div class=\"fusion-tabs fusion-tabs-1 clean nav-is-justified horizontal-tabs icon-position-left mobile-mode-accordion\" style=\"--awb-title-border-radius-top-left:0px;--awb-title-border-radius-top-right:0px;--awb-title-border-radius-bottom-right:0px;--awb-title-border-radius-bottom-left:0px;--awb-alignment:start;--awb-inactive-color:var(--awb-color3);--awb-title-active-text-color:var(--awb-color8);--awb-background-color:var(--awb-color1);--awb-border-color:var(--awb-color4);--awb-active-border-color:var(--awb-color3);--awb-title-font-family:&quot;Lato&quot;;--awb-title-font-style:normal;--awb-title-font-weight:400;\"><div class=\"nav\"><ul class=\"nav-tabs nav-justified\" role=\"tablist\"><li class=\"active\" role=\"presentation\"><a class=\"tab-link\" data-toggle=\"tab\" role=\"tab\" aria-controls=\"tab-5d203fe39cffc41da69\" aria-selected=\"true\" id=\"fusion-tab-vigils\" href=\"#tab-5d203fe39cffc41da69\"><h4 class=\"fusion-tab-heading\">Vigils<\/h4><\/a><\/li><li role=\"presentation\"><a class=\"tab-link\" data-toggle=\"tab\" role=\"tab\" aria-controls=\"tab-e0a1f3badde2c57c7c8\" aria-selected=\"false\" tabindex=\"-1\" id=\"fusion-tab-lauds\" href=\"#tab-e0a1f3badde2c57c7c8\"><h4 class=\"fusion-tab-heading\">Lauds<\/h4><\/a><\/li><li role=\"presentation\"><a class=\"tab-link\" data-toggle=\"tab\" role=\"tab\" aria-controls=\"tab-f8262408778cf67d8b7\" aria-selected=\"false\" tabindex=\"-1\" id=\"fusion-tab-terce,sext,none\" href=\"#tab-f8262408778cf67d8b7\"><h4 class=\"fusion-tab-heading\">Terce, Sext, None<\/h4><\/a><\/li><li role=\"presentation\"><a class=\"tab-link\" data-toggle=\"tab\" role=\"tab\" aria-controls=\"tab-bbe04d67e4202500dd7\" aria-selected=\"false\" tabindex=\"-1\" id=\"fusion-tab-vespers\" href=\"#tab-bbe04d67e4202500dd7\"><h4 class=\"fusion-tab-heading\">Vespers<\/h4><\/a><\/li><li role=\"presentation\"><a class=\"tab-link\" data-toggle=\"tab\" role=\"tab\" aria-controls=\"tab-6f5221aa9be5df4e504\" aria-selected=\"false\" tabindex=\"-1\" id=\"fusion-tab-compline\" href=\"#tab-6f5221aa9be5df4e504\"><h4 class=\"fusion-tab-heading\">Compline<\/h4><\/a><\/li><\/ul><\/div><div class=\"tab-content\"><div class=\"nav fusion-mobile-tab-nav\"><ul class=\"nav-tabs nav-justified\" role=\"tablist\"><li class=\"active\" role=\"presentation\"><a class=\"tab-link\" data-toggle=\"tab\" role=\"tab\" aria-controls=\"tab-5d203fe39cffc41da69\" aria-selected=\"true\" id=\"mobile-fusion-tab-vigils\" href=\"#tab-5d203fe39cffc41da69\"><h4 class=\"fusion-tab-heading\">Vigils<\/h4><\/a><\/li><\/ul><\/div><div class=\"tab-pane fade fusion-clearfix in active\" role=\"tabpanel\" tabindex=\"0\" aria-labelledby=\"fusion-tab-vigils\" id=\"tab-5d203fe39cffc41da69\">\n<p>night comes to an end in the expectation of Christ\u2019s return.<\/p>\n<\/div><div class=\"nav fusion-mobile-tab-nav\"><ul class=\"nav-tabs nav-justified\" role=\"tablist\"><li role=\"presentation\"><a class=\"tab-link\" data-toggle=\"tab\" role=\"tab\" aria-controls=\"tab-e0a1f3badde2c57c7c8\" aria-selected=\"false\" tabindex=\"-1\" id=\"mobile-fusion-tab-lauds\" href=\"#tab-e0a1f3badde2c57c7c8\"><h4 class=\"fusion-tab-heading\">Lauds<\/h4><\/a><\/li><\/ul><\/div><div class=\"tab-pane fade fusion-clearfix\" role=\"tabpanel\" tabindex=\"0\" aria-labelledby=\"fusion-tab-lauds\" id=\"tab-e0a1f3badde2c57c7c8\">\n<p>Christ leaves the night of the tomb to enlighten the world and save it from evil.<\/p>\n<\/div><div class=\"nav fusion-mobile-tab-nav\"><ul class=\"nav-tabs nav-justified\" role=\"tablist\"><li role=\"presentation\"><a class=\"tab-link\" data-toggle=\"tab\" role=\"tab\" aria-controls=\"tab-f8262408778cf67d8b7\" aria-selected=\"false\" tabindex=\"-1\" id=\"mobile-fusion-tab-terce,sext,none\" href=\"#tab-f8262408778cf67d8b7\"><h4 class=\"fusion-tab-heading\">Terce, Sext, None<\/h4><\/a><\/li><\/ul><\/div><div class=\"tab-pane fade fusion-clearfix\" role=\"tabpanel\" tabindex=\"0\" aria-labelledby=\"fusion-tab-terce,sext,none\" id=\"tab-f8262408778cf67d8b7\">\n<p>These services are called \u201cminor hours\u201d.<\/p>\n<\/div><div class=\"nav fusion-mobile-tab-nav\"><ul class=\"nav-tabs nav-justified\" role=\"tablist\"><li role=\"presentation\"><a class=\"tab-link\" data-toggle=\"tab\" role=\"tab\" aria-controls=\"tab-bbe04d67e4202500dd7\" aria-selected=\"false\" tabindex=\"-1\" id=\"mobile-fusion-tab-vespers\" href=\"#tab-bbe04d67e4202500dd7\"><h4 class=\"fusion-tab-heading\">Vespers<\/h4><\/a><\/li><\/ul><\/div><div class=\"tab-pane fade fusion-clearfix\" role=\"tabpanel\" tabindex=\"0\" aria-labelledby=\"fusion-tab-vespers\" id=\"tab-bbe04d67e4202500dd7\">\n<p>Daylight is fading, the community gathers to thank God for \u201cwonders of the creation\u201d<\/p>\n<\/div><div class=\"nav fusion-mobile-tab-nav\"><ul class=\"nav-tabs nav-justified\" role=\"tablist\"><li role=\"presentation\"><a class=\"tab-link\" data-toggle=\"tab\" role=\"tab\" aria-controls=\"tab-6f5221aa9be5df4e504\" aria-selected=\"false\" tabindex=\"-1\" id=\"mobile-fusion-tab-compline\" href=\"#tab-6f5221aa9be5df4e504\"><h4 class=\"fusion-tab-heading\">Compline<\/h4><\/a><\/li><\/ul><\/div><div class=\"tab-pane fade fusion-clearfix\" role=\"tabpanel\" tabindex=\"0\" aria-labelledby=\"fusion-tab-compline\" id=\"tab-6f5221aa9be5df4e504\">\n<p>The last service before the silence of the night.<br \/>\n\u201cThe Lord grants us a quiet night and a perfect end\u201d.<\/p>\n<\/div><\/div><\/div><div class=\"awb-gallery-wrapper awb-gallery-wrapper-1 button-span-no\" style=\"--more-btn-alignment:center;\"><div style=\"margin:-5px;--awb-aspect-ratio:1 \/ 1;--awb-bordersize:0px;--awb-border-radius:5px;--awb-columns-medium:33.3333%;--awb-columns-small:33.3333%;\" class=\"fusion-gallery fusion-gallery-container fusion-grid-3 fusion-columns-total-6 fusion-gallery-layout-grid fusion-gallery-1 has-aspect-ratio\"><div style=\"padding:5px;\" class=\"fusion-grid-column fusion-gallery-column fusion-gallery-column-3 hover-type-none\"><div class=\"fusion-gallery-image\"><a href=\"https:\/\/www.senanque.fr\/wp-content\/uploads\/2020\/03\/DSC_3996.jpg\" rel=\"noreferrer\" data-rel=\"iLightbox[gallery_image_1]\" class=\"fusion-lightbox\" target=\"_self\"><img decoding=\"async\" src=\"https:\/\/www.senanque.fr\/wp-content\/uploads\/2020\/03\/DSC_3996.jpg\" width=\"433\" height=\"295\" alt=\"Senanque Abbey Community - Ora &amp; Labora\" title=\"DSC_3996\" aria-label=\"DSC_3996\" class=\"img-responsive wp-image-5280 fusion-gallery-image-size-fixed\" srcset=\"https:\/\/www.senanque.fr\/wp-content\/uploads\/2020\/03\/DSC_3996-50x34.jpg 50w, https:\/\/www.senanque.fr\/wp-content\/uploads\/2020\/03\/DSC_3996-110x75.jpg 110w, https:\/\/www.senanque.fr\/wp-content\/uploads\/2020\/03\/DSC_3996-214x146.jpg 214w, https:\/\/www.senanque.fr\/wp-content\/uploads\/2020\/03\/DSC_3996-441x300.jpg 441w, https:\/\/www.senanque.fr\/wp-content\/uploads\/2020\/03\/DSC_3996-768x523.jpg 768w, https:\/\/www.senanque.fr\/wp-content\/uploads\/2020\/03\/DSC_3996-881x600.jpg 881w, https:\/\/www.senanque.fr\/wp-content\/uploads\/2020\/03\/DSC_3996.jpg 4781w\" sizes=\"(max-width: 433px) 100vw, 433px\" \/><\/a><\/div><\/div><div style=\"padding:5px;\" class=\"fusion-grid-column fusion-gallery-column fusion-gallery-column-3 hover-type-none\"><div class=\"fusion-gallery-image\"><a href=\"https:\/\/www.senanque.fr\/wp-content\/uploads\/2020\/05\/DSC_4091.jpg\" rel=\"noreferrer\" data-rel=\"iLightbox[gallery_image_1]\" class=\"fusion-lightbox\" target=\"_self\"><img decoding=\"async\" src=\"https:\/\/www.senanque.fr\/wp-content\/uploads\/2020\/05\/DSC_4091.jpg\" width=\"443\" height=\"295\" alt=\"Senanque Abbey Community - Ora &amp; Labora\" title=\"DSC_4091\" aria-label=\"DSC_4091\" class=\"img-responsive wp-image-5757 fusion-gallery-image-size-fixed\" srcset=\"https:\/\/www.senanque.fr\/wp-content\/uploads\/2020\/05\/DSC_4091-50x33.jpg 50w, https:\/\/www.senanque.fr\/wp-content\/uploads\/2020\/05\/DSC_4091-113x75.jpg 113w, https:\/\/www.senanque.fr\/wp-content\/uploads\/2020\/05\/DSC_4091-219x146.jpg 219w, https:\/\/www.senanque.fr\/wp-content\/uploads\/2020\/05\/DSC_4091-450x300.jpg 450w, https:\/\/www.senanque.fr\/wp-content\/uploads\/2020\/05\/DSC_4091-768x512.jpg 768w, https:\/\/www.senanque.fr\/wp-content\/uploads\/2020\/05\/DSC_4091-900x600.jpg 900w, https:\/\/www.senanque.fr\/wp-content\/uploads\/2020\/05\/DSC_4091.jpg 6000w\" sizes=\"(max-width: 443px) 100vw, 443px\" \/><\/a><\/div><\/div><div style=\"padding:5px;\" class=\"fusion-grid-column fusion-gallery-column fusion-gallery-column-3 hover-type-none\"><div class=\"fusion-gallery-image\"><a href=\"https:\/\/www.senanque.fr\/wp-content\/uploads\/2020\/03\/DSC_3929.jpg\" rel=\"noreferrer\" data-rel=\"iLightbox[gallery_image_1]\" class=\"fusion-lightbox\" target=\"_self\"><img decoding=\"async\" src=\"https:\/\/www.senanque.fr\/wp-content\/uploads\/2020\/03\/DSC_3929.jpg\" width=\"366\" height=\"295\" alt=\"Senanque Abbey Community - Ora &amp; Labora\" title=\"DSC_3929\" aria-label=\"DSC_3929\" class=\"img-responsive wp-image-5295 fusion-gallery-image-size-fixed\" srcset=\"https:\/\/www.senanque.fr\/wp-content\/uploads\/2020\/03\/DSC_3929-50x40.jpg 50w, https:\/\/www.senanque.fr\/wp-content\/uploads\/2020\/03\/DSC_3929-93x75.jpg 93w, https:\/\/www.senanque.fr\/wp-content\/uploads\/2020\/03\/DSC_3929-181x146.jpg 181w, https:\/\/www.senanque.fr\/wp-content\/uploads\/2020\/03\/DSC_3929-373x300.jpg 373w, https:\/\/www.senanque.fr\/wp-content\/uploads\/2020\/03\/DSC_3929-745x600.jpg 745w, https:\/\/www.senanque.fr\/wp-content\/uploads\/2020\/03\/DSC_3929-768x618.jpg 768w, https:\/\/www.senanque.fr\/wp-content\/uploads\/2020\/03\/DSC_3929.jpg 4967w\" sizes=\"(max-width: 366px) 100vw, 366px\" \/><\/a><\/div><\/div><div class=\"clearfix\"><\/div><div style=\"padding:5px;\" class=\"fusion-grid-column fusion-gallery-column fusion-gallery-column-3 hover-type-none\"><div class=\"fusion-gallery-image\"><a href=\"https:\/\/www.senanque.fr\/wp-content\/uploads\/2020\/03\/DSC_3955.jpg\" rel=\"noreferrer\" data-rel=\"iLightbox[gallery_image_1]\" class=\"fusion-lightbox\" target=\"_self\"><img decoding=\"async\" src=\"https:\/\/www.senanque.fr\/wp-content\/uploads\/2020\/03\/DSC_3955.jpg\" width=\"443\" height=\"295\" alt=\"Communaut\u00e9 de l&#039;abbaye Notre-Dame de S\u00e9nanque - Ora &amp; Labora\" title=\"DSC_3955\" aria-label=\"DSC_3955\" class=\"img-responsive wp-image-5276 fusion-gallery-image-size-fixed\" srcset=\"https:\/\/www.senanque.fr\/wp-content\/uploads\/2020\/03\/DSC_3955-50x33.jpg 50w, https:\/\/www.senanque.fr\/wp-content\/uploads\/2020\/03\/DSC_3955-113x75.jpg 113w, https:\/\/www.senanque.fr\/wp-content\/uploads\/2020\/03\/DSC_3955-219x146.jpg 219w, https:\/\/www.senanque.fr\/wp-content\/uploads\/2020\/03\/DSC_3955-450x300.jpg 450w, https:\/\/www.senanque.fr\/wp-content\/uploads\/2020\/03\/DSC_3955-768x512.jpg 768w, https:\/\/www.senanque.fr\/wp-content\/uploads\/2020\/03\/DSC_3955-900x600.jpg 900w, https:\/\/www.senanque.fr\/wp-content\/uploads\/2020\/03\/DSC_3955.jpg 6000w\" sizes=\"(max-width: 443px) 100vw, 443px\" \/><\/a><\/div><\/div><div style=\"padding:5px;\" class=\"fusion-grid-column fusion-gallery-column fusion-gallery-column-3 hover-type-none\"><div class=\"fusion-gallery-image\"><a href=\"https:\/\/www.senanque.fr\/wp-content\/uploads\/2019\/11\/Fr-JM-2.jpg\" rel=\"noreferrer\" data-rel=\"iLightbox[gallery_image_1]\" class=\"fusion-lightbox\" target=\"_self\"><img decoding=\"async\" src=\"https:\/\/www.senanque.fr\/wp-content\/uploads\/2019\/11\/Fr-JM-2.jpg\" width=\"443\" height=\"295\" alt=\"Communaut\u00e9 de l&#039;abbaye Notre-Dame de S\u00e9nanque - Ora &amp; Labora\" title=\"Fr JM 2\" aria-label=\"Fr JM 2\" class=\"img-responsive wp-image-4517 fusion-gallery-image-size-fixed\" srcset=\"https:\/\/www.senanque.fr\/wp-content\/uploads\/2019\/11\/Fr-JM-2-50x33.jpg 50w, https:\/\/www.senanque.fr\/wp-content\/uploads\/2019\/11\/Fr-JM-2-113x75.jpg 113w, https:\/\/www.senanque.fr\/wp-content\/uploads\/2019\/11\/Fr-JM-2-219x146.jpg 219w, https:\/\/www.senanque.fr\/wp-content\/uploads\/2019\/11\/Fr-JM-2-450x300.jpg 450w, https:\/\/www.senanque.fr\/wp-content\/uploads\/2019\/11\/Fr-JM-2-768x512.jpg 768w, https:\/\/www.senanque.fr\/wp-content\/uploads\/2019\/11\/Fr-JM-2.jpg 900w\" sizes=\"(max-width: 443px) 100vw, 443px\" \/><\/a><\/div><\/div><div style=\"padding:5px;\" class=\"fusion-grid-column fusion-gallery-column fusion-gallery-column-3 hover-type-none\"><div class=\"fusion-gallery-image\"><a href=\"https:\/\/www.senanque.fr\/wp-content\/uploads\/2020\/03\/Barrail20112008081120042.jpg\" rel=\"noreferrer\" data-rel=\"iLightbox[gallery_image_1]\" class=\"fusion-lightbox\" target=\"_self\"><img decoding=\"async\" src=\"https:\/\/www.senanque.fr\/wp-content\/uploads\/2020\/03\/Barrail20112008081120042.jpg\" width=\"443\" height=\"295\" alt=\"Le cloitre de l&#039;Abbaye Notre Dame de Seananque.\" title=\"Le cloitre de l&#8217;Abbaye Notre Dame de Seananque.\" aria-label=\"Le cloitre de l&#8217;Abbaye Notre Dame de Seananque.\" class=\"img-responsive wp-image-5274 fusion-gallery-image-size-fixed\" srcset=\"https:\/\/www.senanque.fr\/wp-content\/uploads\/2020\/03\/Barrail20112008081120042-50x33.jpg 50w, https:\/\/www.senanque.fr\/wp-content\/uploads\/2020\/03\/Barrail20112008081120042-113x75.jpg 113w, https:\/\/www.senanque.fr\/wp-content\/uploads\/2020\/03\/Barrail20112008081120042-219x146.jpg 219w, https:\/\/www.senanque.fr\/wp-content\/uploads\/2020\/03\/Barrail20112008081120042-450x300.jpg 450w, https:\/\/www.senanque.fr\/wp-content\/uploads\/2020\/03\/Barrail20112008081120042-768x512.jpg 768w, https:\/\/www.senanque.fr\/wp-content\/uploads\/2020\/03\/Barrail20112008081120042-900x600.jpg 900w, https:\/\/www.senanque.fr\/wp-content\/uploads\/2020\/03\/Barrail20112008081120042.jpg 1620w\" sizes=\"(max-width: 443px) 100vw, 443px\" \/><\/a><\/div><\/div><div class=\"clearfix\"><\/div><\/div><\/div><\/div><\/div><\/div><\/div><\/div><\/div><\/div><div id=\"travail\" class=\"fusion-container-anchor\"><div class=\"fusion-fullwidth fullwidth-box fusion-builder-row-4 fusion-flex-container has-pattern-background has-mask-background nonhundred-percent-fullwidth non-hundred-percent-height-scrolling\" style=\"--awb-border-radius-top-left:0px;--awb-border-radius-top-right:0px;--awb-border-radius-bottom-right:0px;--awb-border-radius-bottom-left:0px;--awb-padding-bottom:15px;--awb-background-color:var(--awb-color3);--awb-flex-wrap:wrap;\" ><div class=\"fusion-builder-row fusion-row fusion-flex-align-items-center fusion-flex-content-wrap\" style=\"max-width:1248px;margin-left: calc(-4% \/ 2 );margin-right: calc(-4% \/ 2 );\"><div class=\"fusion-layout-column fusion_builder_column fusion-builder-column-3 fusion_builder_column_1_1 1_1 fusion-flex-column fusion-flex-align-self-center\" style=\"--awb-bg-size:cover;--awb-width-large:100%;--awb-margin-top-large:0px;--awb-spacing-right-large:1.92%;--awb-margin-bottom-large:20px;--awb-spacing-left-large:1.92%;--awb-width-medium:100%;--awb-order-medium:0;--awb-spacing-right-medium:1.92%;--awb-spacing-left-medium:1.92%;--awb-width-small:100%;--awb-order-small:0;--awb-spacing-right-small:1.92%;--awb-spacing-left-small:1.92%;\"><div class=\"fusion-column-wrapper fusion-column-has-shadow fusion-flex-justify-content-center fusion-content-layout-column\"><div class=\"fusion-title title fusion-title-4 fusion-sep-none fusion-title-text fusion-title-size-two\" style=\"--awb-margin-top:5%;--awb-margin-bottom:5%;--awb-margin-top-small:5%;--awb-margin-right-small:0px;--awb-margin-bottom-small:5%;--awb-margin-left-small:0px;--awb-margin-top-medium:5%;--awb-margin-bottom-medium:5%;\"><h2 class=\"fusion-title-heading title-heading-left\" style=\"margin:0;\"><h2>Our work<\/h2><\/h2><\/div><\/div><\/div><div class=\"fusion-layout-column fusion_builder_column fusion-builder-column-4 fusion_builder_column_2_3 2_3 fusion-flex-column fusion-flex-align-self-center\" style=\"--awb-bg-size:cover;--awb-width-large:66.666666666667%;--awb-margin-top-large:0px;--awb-spacing-right-large:2.88%;--awb-margin-bottom-large:20px;--awb-spacing-left-large:2.88%;--awb-width-medium:66.666666666667%;--awb-order-medium:0;--awb-spacing-right-medium:2.88%;--awb-spacing-left-medium:2.88%;--awb-width-small:100%;--awb-order-small:0;--awb-spacing-right-small:1.92%;--awb-spacing-left-small:1.92%;\"><div class=\"fusion-column-wrapper fusion-column-has-shadow fusion-flex-justify-content-center fusion-content-layout-column\"><div class=\"fusion-text fusion-text-2\"><p>Ora et labora (pray and work): even if the sentence does not appear in the Rule of St. Benedict, it sums up perfectly the monastic life, divided into prayer, work and lectio divina (spiritual reading).<\/p>\n<p>\u201cIdleness is the enemy of the soul\u201d Rule of St. Benedict, ch.48. The working time does not divert us from prayer: it is necessary to stimulate silence, to strengthen obedience, to emphasize humility. It is a way to find God too.<\/p>\n<p>Though the prayer is the centre of the life of the monk, a large part of his time is dedicated to work. It is a way to maintain the monastery and to obtain the livelihood of the community.<\/p>\n<\/div><\/div><\/div><div class=\"fusion-layout-column fusion_builder_column fusion-builder-column-5 fusion_builder_column_1_3 1_3 fusion-flex-column fusion-flex-align-self-center\" style=\"--awb-bg-size:cover;--awb-width-large:33.333333333333%;--awb-margin-top-large:0px;--awb-spacing-right-large:5.76%;--awb-margin-bottom-large:20px;--awb-spacing-left-large:5.76%;--awb-width-medium:33.333333333333%;--awb-order-medium:0;--awb-spacing-right-medium:5.76%;--awb-spacing-left-medium:5.76%;--awb-width-small:100%;--awb-order-small:0;--awb-spacing-right-small:1.92%;--awb-spacing-left-small:1.92%;\"><div class=\"fusion-column-wrapper fusion-column-has-shadow fusion-flex-justify-content-center fusion-content-layout-column\"><div class=\"fusion-image-element \" style=\"text-align:center;--awb-caption-title-font-family:var(--h2_typography-font-family);--awb-caption-title-font-weight:var(--h2_typography-font-weight);--awb-caption-title-font-style:var(--h2_typography-font-style);--awb-caption-title-size:var(--h2_typography-font-size);--awb-caption-title-transform:var(--h2_typography-text-transform);--awb-caption-title-line-height:var(--h2_typography-line-height);--awb-caption-title-letter-spacing:var(--h2_typography-letter-spacing);\"><span class=\" fusion-imageframe imageframe-none imageframe-2 hover-type-none\" style=\"border-radius:5px;\"><img decoding=\"async\" width=\"2000\" height=\"1695\" title=\"FR JB2-1\" src=\"data:image\/svg+xml,%3Csvg%20xmlns%3D%27http%3A%2F%2Fwww.w3.org%2F2000%2Fsvg%27%20width%3D%272000%27%20height%3D%271695%27%20viewBox%3D%270%200%202000%201695%27%3E%3Crect%20width%3D%272000%27%20height%3D%271695%27%20fill-opacity%3D%220%22%2F%3E%3C%2Fsvg%3E\" data-orig-src=\"https:\/\/www.senanque.fr\/wp-content\/uploads\/2020\/04\/FR-JB2-1.jpg\" alt class=\"lazyload img-responsive wp-image-5529\"\/><\/span><\/div><\/div><\/div><div class=\"fusion-layout-column fusion_builder_column fusion-builder-column-6 fusion_builder_column_1_1 1_1 fusion-flex-column fusion-flex-align-self-center\" style=\"--awb-bg-size:cover;--awb-width-large:100%;--awb-margin-top-large:5%;--awb-spacing-right-large:1.92%;--awb-margin-bottom-large:5%;--awb-spacing-left-large:1.92%;--awb-width-medium:100%;--awb-order-medium:0;--awb-spacing-right-medium:1.92%;--awb-spacing-left-medium:1.92%;--awb-width-small:100%;--awb-order-small:0;--awb-spacing-right-small:1.92%;--awb-spacing-left-small:1.92%;\"><div class=\"fusion-column-wrapper fusion-column-has-shadow fusion-flex-justify-content-center fusion-content-layout-column\"><div class=\"awb-gallery-wrapper awb-gallery-wrapper-2 button-span-no\" style=\"--more-btn-alignment:center;\"><div style=\"margin:-5px;--awb-aspect-ratio:1 \/ 1;--awb-bordersize:0px;--awb-border-radius:5px;--awb-columns-medium:25%;--awb-columns-small:25%;\" class=\"fusion-gallery fusion-gallery-container fusion-grid-4 fusion-columns-total-4 fusion-gallery-layout-grid fusion-gallery-2 has-aspect-ratio\"><div style=\"padding:5px;\" class=\"fusion-grid-column fusion-gallery-column fusion-gallery-column-4 hover-type-none\"><div class=\"fusion-gallery-image\"><a href=\"https:\/\/www.senanque.fr\/wp-content\/uploads\/2020\/03\/FR-JM-manuel.jpg\" rel=\"noreferrer\" data-rel=\"iLightbox[gallery_image_2]\" class=\"fusion-lightbox\" target=\"_blank\"><img decoding=\"async\" src=\"https:\/\/www.senanque.fr\/wp-content\/uploads\/2020\/03\/FR-JM-manuel.jpg\" width=\"135\" height=\"202\" alt=\"Communaut\u00e9 de l&#039;abbaye Notre-Dame de S\u00e9nanque - Ora &amp; Labora \" title=\"FR JM manuel\" aria-label=\"FR JM manuel\" class=\"img-responsive wp-image-5261 fusion-gallery-image-size-fixed\" srcset=\"https:\/\/www.senanque.fr\/wp-content\/uploads\/2020\/03\/FR-JM-manuel-200x300.jpg 200w, https:\/\/www.senanque.fr\/wp-content\/uploads\/2020\/03\/FR-JM-manuel-400x600.jpg 400w, https:\/\/www.senanque.fr\/wp-content\/uploads\/2020\/03\/FR-JM-manuel.jpg 1000w\" sizes=\"(min-width: 2200px) 100vw, (min-width: 856px) 296px, (min-width: 784px) 395px, (min-width: 712px) 593px, (min-width: 640px) 712px, \" \/><\/a><\/div><\/div><div style=\"padding:5px;\" class=\"fusion-grid-column fusion-gallery-column fusion-gallery-column-4 hover-type-none\"><div class=\"fusion-gallery-image\"><a href=\"https:\/\/www.senanque.fr\/wp-content\/uploads\/2019\/01\/fr-jm-coucher.jpg\" rel=\"noreferrer\" data-rel=\"iLightbox[gallery_image_2]\" class=\"fusion-lightbox\" target=\"_blank\"><img decoding=\"async\" src=\"https:\/\/www.senanque.fr\/wp-content\/uploads\/2019\/01\/fr-jm-coucher.jpg\" width=\"135\" height=\"202\" alt=\"Communaut\u00e9 de l&#039;abbaye Notre-Dame de S\u00e9nanque - Ora &amp; Labora\" title=\"fr jm coucher\" aria-label=\"fr jm coucher\" class=\"img-responsive wp-image-2476 fusion-gallery-image-size-fixed\" srcset=\"https:\/\/www.senanque.fr\/wp-content\/uploads\/2019\/01\/fr-jm-coucher-200x300.jpg 200w, https:\/\/www.senanque.fr\/wp-content\/uploads\/2019\/01\/fr-jm-coucher-400x600.jpg 400w, https:\/\/www.senanque.fr\/wp-content\/uploads\/2019\/01\/fr-jm-coucher.jpg 1000w\" sizes=\"(min-width: 2200px) 100vw, (min-width: 856px) 296px, (min-width: 784px) 395px, (min-width: 712px) 593px, (min-width: 640px) 712px, \" \/><\/a><\/div><\/div><div class=\"clearfix\"><\/div><div style=\"padding:5px;\" class=\"fusion-grid-column fusion-gallery-column fusion-gallery-column-4 hover-type-none\"><div class=\"fusion-gallery-image\"><a href=\"https:\/\/www.senanque.fr\/wp-content\/uploads\/2019\/03\/Taille.jpg\" rel=\"noreferrer\" data-rel=\"iLightbox[gallery_image_2]\" class=\"fusion-lightbox\" target=\"_blank\"><img decoding=\"async\" src=\"https:\/\/www.senanque.fr\/wp-content\/uploads\/2019\/03\/Taille.jpg\" width=\"135\" height=\"202\" alt=\"Communaut\u00e9 de l&#039;abbaye Notre-Dame de S\u00e9nanque - Ora &amp; Labora\" title=\"Taille\" aria-label=\"Taille\" class=\"img-responsive wp-image-3175 fusion-gallery-image-size-fixed\" srcset=\"https:\/\/www.senanque.fr\/wp-content\/uploads\/2019\/03\/Taille-200x300.jpg 200w, https:\/\/www.senanque.fr\/wp-content\/uploads\/2019\/03\/Taille-400x600.jpg 400w, https:\/\/www.senanque.fr\/wp-content\/uploads\/2019\/03\/Taille.jpg 1000w\" sizes=\"(min-width: 2200px) 100vw, (min-width: 856px) 296px, (min-width: 784px) 395px, (min-width: 712px) 593px, (min-width: 640px) 712px, \" \/><\/a><\/div><\/div><div style=\"padding:5px;\" class=\"fusion-grid-column fusion-gallery-column fusion-gallery-column-4 hover-type-none\"><div class=\"fusion-gallery-image\"><a href=\"https:\/\/www.senanque.fr\/wp-content\/uploads\/2019\/03\/cloitre.jpg\" rel=\"noreferrer\" data-rel=\"iLightbox[gallery_image_2]\" class=\"fusion-lightbox\" target=\"_blank\"><img decoding=\"async\" src=\"https:\/\/www.senanque.fr\/wp-content\/uploads\/2019\/03\/cloitre.jpg\" width=\"135\" height=\"202\" alt=\"Communaut\u00e9 de l&#039;abbaye Notre-Dame de S\u00e9nanque - Ora &amp; Labora\" title=\"cloitre\" aria-label=\"cloitre\" class=\"img-responsive wp-image-3274 fusion-gallery-image-size-fixed\" srcset=\"https:\/\/www.senanque.fr\/wp-content\/uploads\/2019\/03\/cloitre-200x300.jpg 200w, https:\/\/www.senanque.fr\/wp-content\/uploads\/2019\/03\/cloitre-400x600.jpg 400w, https:\/\/www.senanque.fr\/wp-content\/uploads\/2019\/03\/cloitre.jpg 1000w\" sizes=\"(min-width: 2200px) 100vw, (min-width: 856px) 296px, (min-width: 784px) 395px, (min-width: 712px) 593px, (min-width: 640px) 712px, \" \/><\/a><\/div><\/div><\/div><\/div><\/div><\/div><div class=\"fusion-layout-column fusion_builder_column fusion-builder-column-7 fusion_builder_column_1_3 1_3 fusion-flex-column fusion-flex-align-self-center\" style=\"--awb-bg-size:cover;--awb-width-large:33.333333333333%;--awb-margin-top-large:20px;--awb-spacing-right-large:5.76%;--awb-margin-bottom-large:20px;--awb-spacing-left-large:5.76%;--awb-width-medium:33.333333333333%;--awb-order-medium:0;--awb-spacing-right-medium:5.76%;--awb-spacing-left-medium:5.76%;--awb-width-small:100%;--awb-order-small:0;--awb-spacing-right-small:1.92%;--awb-spacing-left-small:1.92%;\"><div class=\"fusion-column-wrapper fusion-column-has-shadow fusion-flex-justify-content-center fusion-content-layout-column\"><div class=\"fusion-image-element \" style=\"text-align:center;--awb-caption-title-font-family:var(--h2_typography-font-family);--awb-caption-title-font-weight:var(--h2_typography-font-weight);--awb-caption-title-font-style:var(--h2_typography-font-style);--awb-caption-title-size:var(--h2_typography-font-size);--awb-caption-title-transform:var(--h2_typography-text-transform);--awb-caption-title-line-height:var(--h2_typography-line-height);--awb-caption-title-letter-spacing:var(--h2_typography-letter-spacing);\"><span class=\" fusion-imageframe imageframe-none imageframe-3 hover-type-none\" style=\"border-radius:5px;\"><img decoding=\"async\" width=\"499\" height=\"300\" title=\"Travail Lavande S\u00e9nanque\" src=\"data:image\/svg+xml,%3Csvg%20xmlns%3D%27http%3A%2F%2Fwww.w3.org%2F2000%2Fsvg%27%20width%3D%27640%27%20height%3D%27385%27%20viewBox%3D%270%200%20640%20385%27%3E%3Crect%20width%3D%27640%27%20height%3D%27385%27%20fill-opacity%3D%220%22%2F%3E%3C%2Fsvg%3E\" data-orig-src=\"https:\/\/www.senanque.fr\/wp-content\/uploads\/2018\/04\/travail-lavande-senanque-499x300.jpg\" alt class=\"lazyload img-responsive wp-image-6130\"\/><\/span><\/div><\/div><\/div><div class=\"fusion-layout-column fusion_builder_column fusion-builder-column-8 fusion_builder_column_2_3 2_3 fusion-flex-column fusion-flex-align-self-center\" style=\"--awb-bg-size:cover;--awb-width-large:66.666666666667%;--awb-margin-top-large:20px;--awb-spacing-right-large:2.88%;--awb-margin-bottom-large:20px;--awb-spacing-left-large:2.88%;--awb-width-medium:66.666666666667%;--awb-order-medium:0;--awb-spacing-right-medium:2.88%;--awb-spacing-left-medium:2.88%;--awb-width-small:100%;--awb-order-small:0;--awb-spacing-right-small:1.92%;--awb-spacing-left-small:1.92%;\"><div class=\"fusion-column-wrapper fusion-column-has-shadow fusion-flex-justify-content-center fusion-content-layout-column\"><div class=\"fusion-text fusion-text-3\"><p>Here in S\u00e9nanque we have several farming activities: lavandin growing, apiary, olive grove\u2026<\/p>\n<p>The sale of products made from our essential oil of lavandin, the gathering of our honey and our olive oil, and the monastic hospitality (for spiritual retreats) produce an income which allows the restoration of the abbey.<\/p>\n<p>\u201cWhen they live by the labor of their hands, as our fathers and the apostles did, then they are really monks\u201d. Rule of St. Benedict, ch.48<\/p>\n<\/div><\/div><\/div><\/div><\/div><\/div><div id=\"priere\" class=\"fusion-container-anchor\"><div class=\"fusion-fullwidth fullwidth-box fusion-builder-row-5 fusion-flex-container has-pattern-background has-mask-background fusion-parallax-none nonhundred-percent-fullwidth non-hundred-percent-height-scrolling lazyload\" style=\"--link_hover_color: var(--awb-color2);--link_color: var(--awb-color1);--awb-border-radius-top-left:0px;--awb-border-radius-top-right:0px;--awb-border-radius-bottom-right:0px;--awb-border-radius-bottom-left:0px;--awb-padding-top:30px;--awb-padding-bottom:15px;--awb-background-color:var(--awb-color3);--awb-background-size:cover;--awb-flex-wrap:wrap;\" data-bg=\"https:\/\/www.senanque.fr\/wp-content\/uploads\/2021\/04\/freres.jpg\" ><div class=\"fusion-builder-row fusion-row fusion-flex-align-items-center fusion-flex-content-wrap\" style=\"max-width:1248px;margin-left: calc(-4% \/ 2 );margin-right: calc(-4% \/ 2 );\"><div class=\"fusion-layout-column fusion_builder_column fusion-builder-column-9 fusion_builder_column_1_1 1_1 fusion-flex-column fusion-flex-align-self-center\" style=\"--awb-padding-top:5%;--awb-padding-right:10%;--awb-padding-bottom:10%;--awb-padding-left:10%;--awb-overflow:hidden;--awb-bg-color:rgba(255,255,255,0.7);--awb-bg-color-hover:rgba(255,255,255,0.7);--awb-bg-size:cover;--awb-border-radius:25px 25px 25px 25px;--awb-width-large:100%;--awb-margin-top-large:20px;--awb-spacing-right-large:1.92%;--awb-margin-bottom-large:20px;--awb-spacing-left-large:1.92%;--awb-width-medium:100%;--awb-order-medium:0;--awb-spacing-right-medium:1.92%;--awb-spacing-left-medium:1.92%;--awb-width-small:100%;--awb-order-small:0;--awb-spacing-right-small:1.92%;--awb-spacing-left-small:1.92%;\"><div class=\"fusion-column-wrapper fusion-column-has-shadow fusion-flex-justify-content-center fusion-content-layout-column\"><div class=\"fusion-title title fusion-title-5 fusion-sep-none fusion-title-text fusion-title-size-two\" style=\"--awb-margin-top:5%;--awb-margin-bottom:5%;--awb-margin-top-small:5%;--awb-margin-right-small:0px;--awb-margin-bottom-small:5%;--awb-margin-left-small:0px;--awb-margin-top-medium:5%;--awb-margin-bottom-medium:5%;\"><h2 class=\"fusion-title-heading title-heading-left\" style=\"margin:0;\"><p class=\"vc_custom_heading vc_custom_1523875128540\">Prayer by Saint Bernard of Clairvaux<\/p><\/h2><\/div><div class=\"fusion-text fusion-text-4\"><p>All of you, who see yourselves amid the tides of the world, tossed by storms and tempests rather than walking on the land, do not turn your eyes away from this shining star, unless you want to be overwhelmed by the hurricane.<\/p>\n<p>If temptation storms, or you fall upon the rocks of tribulation, look to the star: Call upon Mary!<\/p>\n<p>If you are tossed by the waves of pride or ambition, detraction or envy, look to the star, call upon Mary.<\/p>\n<p>If anger or avarice or the desires of the flesh dash against the ship o f your soul, turn your eyes to Mary.<\/p>\n<p>If troubled by the enormity of your crimes, ashamed of your guilty conscience, terrified by dread of the judgment, you begin to sink into the gulf of sadness or the abyss of despair, think of Mary.<\/p>\n<p>In dangers, in anguish, in doubt, think of Mary, call upon Mary. Let her name be even on your lips, ever in your heart; and the better to obtain the help of her prayers, imitate the example of her life.<\/p>\n<p>Following her, thou strayest not; invoking her, thou despairest not; thinking of her, thou wanderest not; upheld by her, thou fallest not; shielded by her, thou fearest not; guided by her, thou growest not weary; favored by her, thou reachest the goal.<\/p>\n<p>And thus dost thou experience in thyself how good is that saying: \u2018And the Virgin\u2019s name was Mary.\u2019<\/p>\n<p><em>Saint Bernard of Clairvaux,\u00a0The Holy Name of Mary<\/em><\/p>\n<\/div><\/div><\/div><\/div><\/div><\/div><div id=\"annee\" class=\"fusion-container-anchor\"><div class=\"fusion-fullwidth fullwidth-box fusion-builder-row-6 fusion-flex-container has-pattern-background has-mask-background nonhundred-percent-fullwidth non-hundred-percent-height-scrolling\" style=\"--awb-border-radius-top-left:0px;--awb-border-radius-top-right:0px;--awb-border-radius-bottom-right:0px;--awb-border-radius-bottom-left:0px;--awb-padding-top:30px;--awb-padding-bottom:15px;--awb-flex-wrap:wrap;\" ><div class=\"fusion-builder-row fusion-row fusion-flex-align-items-flex-start fusion-flex-content-wrap\" style=\"max-width:1248px;margin-left: calc(-4% \/ 2 );margin-right: calc(-4% \/ 2 );\"><div class=\"fusion-layout-column fusion_builder_column fusion-builder-column-10 fusion_builder_column_1_1 1_1 fusion-flex-column\" style=\"--awb-bg-size:cover;--awb-width-large:100%;--awb-margin-top-large:0px;--awb-spacing-right-large:1.92%;--awb-margin-bottom-large:20px;--awb-spacing-left-large:1.92%;--awb-width-medium:100%;--awb-order-medium:0;--awb-spacing-right-medium:1.92%;--awb-spacing-left-medium:1.92%;--awb-width-small:100%;--awb-order-small:0;--awb-spacing-right-small:1.92%;--awb-spacing-left-small:1.92%;\"><div class=\"fusion-column-wrapper fusion-column-has-shadow fusion-flex-justify-content-flex-start fusion-content-layout-column\"><div class=\"fusion-title title fusion-title-6 fusion-sep-none fusion-title-text fusion-title-size-two\" style=\"--awb-margin-top:5%;--awb-margin-bottom:5%;--awb-margin-top-small:5%;--awb-margin-right-small:0px;--awb-margin-bottom-small:5%;--awb-margin-left-small:0px;--awb-margin-top-medium:5%;--awb-margin-bottom-medium:5%;\"><h2 class=\"fusion-title-heading title-heading-left\" style=\"margin:0;\">One year with the Monks of S\u00e9nanque<\/h2><\/div><div class=\"fusion-testimonials classic awb-speech-bubble-show fusion-testimonials-1\" style=\"--awb-textcolor:var(--awb-color2);--awb-backgroundcolor:var(--awb-color4);--awb-margin-bottom:5%;--awb-testimonial-border-style:solid;--awb-testimonial-border-color:var(--awb-color3);--awb-border-top-left-radius:0px;--awb-border-top-right-radius:0px;--awb-border-bottom-left-radius:0px;--awb-border-bottom-right-radius:0px;--testimonial-border-width-top:0px;--testimonial-border-width-right:0px;--testimonial-border-width-bottom:0px;--testimonial-border-width-left:0px;\" data-random=\"0\" data-speed=\"4000\"><div class=\"reviews\"><div class=\"review active-testimonial no-avatar\"><blockquote><div class=\"awb-quote\"><div class=\"awb-quote-content\">\n<p>\u201d You, if you see a human being bravely diligent to good works, glowing of joy thank to the ardour of his conversion, don\u2019t doubt of it: faith is living in him ; those are the indubitable proofs.\u201d<\/p>\n<\/div><\/div><span class=\"awb-triangle\"><\/span><\/blockquote><div class=\"author\"><span class=\"company-name\"><strong>Saint Bernard of Clairvaux, extract from The Resurrection Of The Lord, sermon two.<\/strong><\/span><\/div><\/div><\/div><\/div><div class=\"awb-gallery-wrapper awb-gallery-wrapper-3 button-span-no\" style=\"--more-btn-alignment:center;\" data-limit=\"12\" data-page=\"1\"><div style=\"margin:-9px;--awb-aspect-ratio:1 \/ 1;--awb-bordersize:0px;--awb-border-radius:5px;--awb-columns-medium:16.6666%;--awb-columns-small:16.6666%;\" class=\"fusion-gallery fusion-gallery-container fusion-grid-6 fusion-columns-total-35 fusion-gallery-layout-grid fusion-gallery-3 has-aspect-ratio\"><div style=\"padding:9px;\" class=\"fusion-grid-column fusion-gallery-column fusion-gallery-column-6 hover-type-none\"><div class=\"fusion-gallery-image\"><a href=\"https:\/\/www.senanque.fr\/wp-content\/uploads\/2020\/04\/CHAUFFOIR-2.jpg\" rel=\"noreferrer\" data-rel=\"iLightbox[gallery_image_3]\" class=\"fusion-lightbox\" target=\"_self\"><img decoding=\"async\" src=\"https:\/\/www.senanque.fr\/wp-content\/uploads\/2020\/04\/CHAUFFOIR-2.jpg\" width=\"241\" height=\"202\" alt=\"Communaut\u00e9 de l&#039;abbaye Notre-Dame de S\u00e9nanque - Ora &amp; Labora chauffoir\" title=\"CHAUFFOIR\" aria-label=\"CHAUFFOIR\" class=\"img-responsive wp-image-5490 fusion-gallery-image-size-fixed\" srcset=\"https:\/\/www.senanque.fr\/wp-content\/uploads\/2020\/04\/CHAUFFOIR-2-50x42.jpg 50w, https:\/\/www.senanque.fr\/wp-content\/uploads\/2020\/04\/CHAUFFOIR-2-89x75.jpg 89w, https:\/\/www.senanque.fr\/wp-content\/uploads\/2020\/04\/CHAUFFOIR-2-174x146.jpg 174w, https:\/\/www.senanque.fr\/wp-content\/uploads\/2020\/04\/CHAUFFOIR-2-358x300.jpg 358w, https:\/\/www.senanque.fr\/wp-content\/uploads\/2020\/04\/CHAUFFOIR-2-715x600.jpg 715w, https:\/\/www.senanque.fr\/wp-content\/uploads\/2020\/04\/CHAUFFOIR-2-768x644.jpg 768w, https:\/\/www.senanque.fr\/wp-content\/uploads\/2020\/04\/CHAUFFOIR-2.jpg 1000w\" sizes=\"(max-width: 241px) 100vw, 241px\" \/><\/a><\/div><\/div><div style=\"padding:9px;\" class=\"fusion-grid-column fusion-gallery-column fusion-gallery-column-6 hover-type-none\"><div class=\"fusion-gallery-image\"><a href=\"https:\/\/www.senanque.fr\/wp-content\/uploads\/2020\/04\/221.jpg\" rel=\"noreferrer\" data-rel=\"iLightbox[gallery_image_3]\" class=\"fusion-lightbox\" target=\"_self\"><img decoding=\"async\" src=\"https:\/\/www.senanque.fr\/wp-content\/uploads\/2020\/04\/221.jpg\" width=\"303\" height=\"202\" alt=\"Communaut\u00e9 de l&#039;abbaye Notre-Dame de S\u00e9nanque - Ora &amp; Labora messe de l&#039;Abbaye Notre Dame de S\u00e9nanque\" title=\"Abbaye Notre Dame de Senanque\" aria-label=\"Abbaye Notre Dame de Senanque\" class=\"img-responsive wp-image-5511 fusion-gallery-image-size-fixed\" srcset=\"https:\/\/www.senanque.fr\/wp-content\/uploads\/2020\/04\/221-50x33.jpg 50w, https:\/\/www.senanque.fr\/wp-content\/uploads\/2020\/04\/221-113x75.jpg 113w, https:\/\/www.senanque.fr\/wp-content\/uploads\/2020\/04\/221-219x146.jpg 219w, https:\/\/www.senanque.fr\/wp-content\/uploads\/2020\/04\/221-450x300.jpg 450w, https:\/\/www.senanque.fr\/wp-content\/uploads\/2020\/04\/221-768x512.jpg 768w, https:\/\/www.senanque.fr\/wp-content\/uploads\/2020\/04\/221-900x600.jpg 900w, https:\/\/www.senanque.fr\/wp-content\/uploads\/2020\/04\/221.jpg 1620w\" sizes=\"(max-width: 303px) 100vw, 303px\" \/><\/a><\/div><\/div><div class=\"clearfix\"><\/div><div style=\"padding:9px;\" class=\"fusion-grid-column fusion-gallery-column fusion-gallery-column-6 hover-type-none\"><div class=\"fusion-gallery-image\"><a href=\"https:\/\/www.senanque.fr\/wp-content\/uploads\/2020\/04\/BRANCHE-FLEURS.jpg\" rel=\"noreferrer\" data-rel=\"iLightbox[gallery_image_3]\" class=\"fusion-lightbox\" target=\"_self\"><img decoding=\"async\" src=\"https:\/\/www.senanque.fr\/wp-content\/uploads\/2020\/04\/BRANCHE-FLEURS.jpg\" width=\"308\" height=\"202\" alt=\"Communaut\u00e9 de l&#039;abbaye Notre-Dame de S\u00e9nanque - Ora &amp; Labora branche fleurs\" title=\"BRANCHE FLEURS\" aria-label=\"BRANCHE FLEURS\" class=\"img-responsive wp-image-5465 fusion-gallery-image-size-fixed\" srcset=\"https:\/\/www.senanque.fr\/wp-content\/uploads\/2020\/04\/BRANCHE-FLEURS-50x33.jpg 50w, https:\/\/www.senanque.fr\/wp-content\/uploads\/2020\/04\/BRANCHE-FLEURS-114x75.jpg 114w, https:\/\/www.senanque.fr\/wp-content\/uploads\/2020\/04\/BRANCHE-FLEURS-223x146.jpg 223w, https:\/\/www.senanque.fr\/wp-content\/uploads\/2020\/04\/BRANCHE-FLEURS-457x300.jpg 457w, https:\/\/www.senanque.fr\/wp-content\/uploads\/2020\/04\/BRANCHE-FLEURS-768x504.jpg 768w, https:\/\/www.senanque.fr\/wp-content\/uploads\/2020\/04\/BRANCHE-FLEURS-915x600.jpg 915w, https:\/\/www.senanque.fr\/wp-content\/uploads\/2020\/04\/BRANCHE-FLEURS.jpg 2000w\" sizes=\"(max-width: 308px) 100vw, 308px\" \/><\/a><\/div><\/div><div style=\"padding:9px;\" class=\"fusion-grid-column fusion-gallery-column fusion-gallery-column-6 hover-type-none\"><div class=\"fusion-gallery-image\"><a href=\"https:\/\/www.senanque.fr\/wp-content\/uploads\/2020\/03\/7.jpg\" rel=\"noreferrer\" data-rel=\"iLightbox[gallery_image_3]\" class=\"fusion-lightbox\" target=\"_self\"><img decoding=\"async\" src=\"https:\/\/www.senanque.fr\/wp-content\/uploads\/2020\/03\/7.jpg\" width=\"296\" height=\"202\" alt=\"Communaut\u00e9 de l&#039;abbaye Notre-Dame de S\u00e9nanque - Ora &amp; Labora\" title=\"7\" aria-label=\"7\" class=\"img-responsive wp-image-5380 fusion-gallery-image-size-fixed\" srcset=\"https:\/\/www.senanque.fr\/wp-content\/uploads\/2020\/03\/7-50x34.jpg 50w, https:\/\/www.senanque.fr\/wp-content\/uploads\/2020\/03\/7-110x75.jpg 110w, https:\/\/www.senanque.fr\/wp-content\/uploads\/2020\/03\/7-214x146.jpg 214w, https:\/\/www.senanque.fr\/wp-content\/uploads\/2020\/03\/7-440x300.jpg 440w, https:\/\/www.senanque.fr\/wp-content\/uploads\/2020\/03\/7-768x523.jpg 768w, https:\/\/www.senanque.fr\/wp-content\/uploads\/2020\/03\/7-880x600.jpg 880w, https:\/\/www.senanque.fr\/wp-content\/uploads\/2020\/03\/7.jpg 3400w\" sizes=\"(max-width: 296px) 100vw, 296px\" \/><\/a><\/div><\/div><div style=\"padding:9px;\" class=\"fusion-grid-column fusion-gallery-column fusion-gallery-column-6 hover-type-none\"><div class=\"fusion-gallery-image\"><a href=\"https:\/\/www.senanque.fr\/wp-content\/uploads\/2020\/04\/407.jpg\" rel=\"noreferrer\" data-rel=\"iLightbox[gallery_image_3]\" class=\"fusion-lightbox\" target=\"_self\"><img decoding=\"async\" src=\"https:\/\/www.senanque.fr\/wp-content\/uploads\/2020\/04\/407.jpg\" width=\"303\" height=\"202\" alt=\"Communaut\u00e9 de l&#039;abbaye Notre-Dame de S\u00e9nanque - Ora &amp; Labora \" title=\"Communaut\u00e9 et vie quotidienne des moines a l&#8217;abbaye Notre Dame de Senanque.\" aria-label=\"Communaut\u00e9 et vie quotidienne des moines a l&#8217;abbaye Notre Dame de Senanque.\" class=\"img-responsive wp-image-5515 fusion-gallery-image-size-fixed\" srcset=\"https:\/\/www.senanque.fr\/wp-content\/uploads\/2020\/04\/407-50x33.jpg 50w, https:\/\/www.senanque.fr\/wp-content\/uploads\/2020\/04\/407-113x75.jpg 113w, https:\/\/www.senanque.fr\/wp-content\/uploads\/2020\/04\/407-219x146.jpg 219w, https:\/\/www.senanque.fr\/wp-content\/uploads\/2020\/04\/407-450x300.jpg 450w, https:\/\/www.senanque.fr\/wp-content\/uploads\/2020\/04\/407-768x512.jpg 768w, https:\/\/www.senanque.fr\/wp-content\/uploads\/2020\/04\/407-900x600.jpg 900w, https:\/\/www.senanque.fr\/wp-content\/uploads\/2020\/04\/407.jpg 1620w\" sizes=\"(max-width: 303px) 100vw, 303px\" \/><\/a><\/div><\/div><div style=\"padding:9px;\" class=\"fusion-grid-column fusion-gallery-column fusion-gallery-column-6 hover-type-none\"><div class=\"fusion-gallery-image\"><a href=\"https:\/\/www.senanque.fr\/wp-content\/uploads\/2020\/04\/ABEILLE4.jpg\" rel=\"noreferrer\" data-rel=\"iLightbox[gallery_image_3]\" class=\"fusion-lightbox\" target=\"_self\"><img decoding=\"async\" src=\"https:\/\/www.senanque.fr\/wp-content\/uploads\/2020\/04\/ABEILLE4.jpg\" width=\"320\" height=\"135\" alt=\"Communaut\u00e9 de l&#039;abbaye Notre-Dame de S\u00e9nanque - Ora &amp; Labora\" title=\"ABEILLE4\" aria-label=\"ABEILLE4\" class=\"img-responsive wp-image-5463 fusion-gallery-image-size-fixed\" srcset=\"https:\/\/www.senanque.fr\/wp-content\/uploads\/2020\/04\/ABEILLE4-50x21.jpg 50w, https:\/\/www.senanque.fr\/wp-content\/uploads\/2020\/04\/ABEILLE4-150x63.jpg 150w, https:\/\/www.senanque.fr\/wp-content\/uploads\/2020\/04\/ABEILLE4-260x110.jpg 260w, https:\/\/www.senanque.fr\/wp-content\/uploads\/2020\/04\/ABEILLE4.jpg 686w\" sizes=\"(max-width: 320px) 100vw, 320px\" \/><\/a><\/div><\/div><div style=\"padding:9px;\" class=\"fusion-grid-column fusion-gallery-column fusion-gallery-column-6 hover-type-none\"><div class=\"fusion-gallery-image\"><a href=\"https:\/\/www.senanque.fr\/wp-content\/uploads\/2020\/04\/Pa\u0302ques-2020-30.jpg\" rel=\"noreferrer\" data-rel=\"iLightbox[gallery_image_3]\" class=\"fusion-lightbox\" target=\"_self\"><img decoding=\"async\" src=\"https:\/\/www.senanque.fr\/wp-content\/uploads\/2020\/04\/Pa\u0302ques-2020-30.jpg\" width=\"269\" height=\"202\" alt=\"Communaut\u00e9 de l&#039;abbaye Notre-Dame de S\u00e9nanque - Ora &amp; Labora\" title=\"Pa\u0302ques 2020 30\" aria-label=\"Pa\u0302ques 2020 30\" class=\"img-responsive wp-image-5608 fusion-gallery-image-size-fixed\" srcset=\"https:\/\/www.senanque.fr\/wp-content\/uploads\/2020\/04\/Pa\u0302ques-2020-30-400x300.jpg 400w, https:\/\/www.senanque.fr\/wp-content\/uploads\/2020\/04\/Pa\u0302ques-2020-30-800x600.jpg 800w, https:\/\/www.senanque.fr\/wp-content\/uploads\/2020\/04\/Pa\u0302ques-2020-30.jpg 1600w\" sizes=\"(min-width: 2200px) 100vw, (min-width: 1000px) 193px, (min-width: 928px) 231px, (min-width: 856px) 289px, (min-width: 784px) 385px, (min-width: 712px) 578px, (min-width: 640px) 712px, \" \/><\/a><\/div><\/div><div style=\"padding:9px;\" class=\"fusion-grid-column fusion-gallery-column fusion-gallery-column-6 hover-type-none\"><div class=\"fusion-gallery-image\"><a href=\"https:\/\/www.senanque.fr\/wp-content\/uploads\/2020\/04\/Pa\u0302ques-2020-33.jpg\" rel=\"noreferrer\" data-rel=\"iLightbox[gallery_image_3]\" class=\"fusion-lightbox\" target=\"_self\"><img decoding=\"async\" src=\"https:\/\/www.senanque.fr\/wp-content\/uploads\/2020\/04\/Pa\u0302ques-2020-33.jpg\" width=\"152\" height=\"202\" alt=\"Communaut\u00e9 de l&#039;abbaye Notre-Dame de S\u00e9nanque - Ora &amp; Labora\" title=\"Pa\u0302ques 2020 33\" aria-label=\"Pa\u0302ques 2020 33\" class=\"img-responsive wp-image-5610 fusion-gallery-image-size-fixed\" srcset=\"https:\/\/www.senanque.fr\/wp-content\/uploads\/2020\/04\/Pa\u0302ques-2020-33-38x50.jpg 38w, https:\/\/www.senanque.fr\/wp-content\/uploads\/2020\/04\/Pa\u0302ques-2020-33-56x75.jpg 56w, https:\/\/www.senanque.fr\/wp-content\/uploads\/2020\/04\/Pa\u0302ques-2020-33-110x146.jpg 110w, https:\/\/www.senanque.fr\/wp-content\/uploads\/2020\/04\/Pa\u0302ques-2020-33-225x300.jpg 225w, https:\/\/www.senanque.fr\/wp-content\/uploads\/2020\/04\/Pa\u0302ques-2020-33-450x600.jpg 450w, https:\/\/www.senanque.fr\/wp-content\/uploads\/2020\/04\/Pa\u0302ques-2020-33-768x1024.jpg 768w, https:\/\/www.senanque.fr\/wp-content\/uploads\/2020\/04\/Pa\u0302ques-2020-33.jpg 1200w\" sizes=\"(max-width: 152px) 100vw, 152px\" \/><\/a><\/div><\/div><div class=\"clearfix\"><\/div><div style=\"padding:9px;\" class=\"fusion-grid-column fusion-gallery-column fusion-gallery-column-6 hover-type-none\"><div class=\"fusion-gallery-image\"><a href=\"https:\/\/www.senanque.fr\/wp-content\/uploads\/2020\/04\/461.jpg\" rel=\"noreferrer\" data-rel=\"iLightbox[gallery_image_3]\" class=\"fusion-lightbox\" target=\"_self\"><img decoding=\"async\" src=\"https:\/\/www.senanque.fr\/wp-content\/uploads\/2020\/04\/461.jpg\" width=\"303\" height=\"202\" alt=\"Communaut\u00e9 de l&#039;abbaye Notre-Dame de S\u00e9nanque - Ora &amp; Labora \" title=\"Abbaye Notre Dame de Senanque\" aria-label=\"Abbaye Notre Dame de Senanque\" class=\"img-responsive wp-image-5517 fusion-gallery-image-size-fixed\" srcset=\"https:\/\/www.senanque.fr\/wp-content\/uploads\/2020\/04\/461-50x33.jpg 50w, https:\/\/www.senanque.fr\/wp-content\/uploads\/2020\/04\/461-113x75.jpg 113w, https:\/\/www.senanque.fr\/wp-content\/uploads\/2020\/04\/461-219x146.jpg 219w, https:\/\/www.senanque.fr\/wp-content\/uploads\/2020\/04\/461-450x300.jpg 450w, https:\/\/www.senanque.fr\/wp-content\/uploads\/2020\/04\/461-768x512.jpg 768w, https:\/\/www.senanque.fr\/wp-content\/uploads\/2020\/04\/461-900x600.jpg 900w, https:\/\/www.senanque.fr\/wp-content\/uploads\/2020\/04\/461.jpg 1620w\" sizes=\"(max-width: 303px) 100vw, 303px\" \/><\/a><\/div><\/div><div style=\"padding:9px;\" class=\"fusion-grid-column fusion-gallery-column fusion-gallery-column-6 hover-type-none\"><div class=\"fusion-gallery-image\"><a href=\"https:\/\/www.senanque.fr\/wp-content\/uploads\/2020\/04\/Samedi-St-2020-1-1.jpg\" rel=\"noreferrer\" data-rel=\"iLightbox[gallery_image_3]\" class=\"fusion-lightbox\" target=\"_self\"><img decoding=\"async\" src=\"https:\/\/www.senanque.fr\/wp-content\/uploads\/2020\/04\/Samedi-St-2020-1-1.jpg\" width=\"152\" height=\"202\" alt=\"Communaut\u00e9 de l&#039;abbaye Notre-Dame de S\u00e9nanque - Ora &amp; Labora\" title=\"Samedi St 2020 1\" aria-label=\"Samedi St 2020 1\" class=\"img-responsive wp-image-5622 fusion-gallery-image-size-fixed\" srcset=\"https:\/\/www.senanque.fr\/wp-content\/uploads\/2020\/04\/Samedi-St-2020-1-1-38x50.jpg 38w, https:\/\/www.senanque.fr\/wp-content\/uploads\/2020\/04\/Samedi-St-2020-1-1-56x75.jpg 56w, https:\/\/www.senanque.fr\/wp-content\/uploads\/2020\/04\/Samedi-St-2020-1-1-110x146.jpg 110w, https:\/\/www.senanque.fr\/wp-content\/uploads\/2020\/04\/Samedi-St-2020-1-1-225x300.jpg 225w, https:\/\/www.senanque.fr\/wp-content\/uploads\/2020\/04\/Samedi-St-2020-1-1-450x600.jpg 450w, https:\/\/www.senanque.fr\/wp-content\/uploads\/2020\/04\/Samedi-St-2020-1-1-768x1024.jpg 768w, https:\/\/www.senanque.fr\/wp-content\/uploads\/2020\/04\/Samedi-St-2020-1-1.jpg 1200w\" sizes=\"(max-width: 152px) 100vw, 152px\" \/><\/a><\/div><\/div><div style=\"padding:9px;\" class=\"fusion-grid-column fusion-gallery-column fusion-gallery-column-6 hover-type-none\"><div class=\"fusion-gallery-image\"><a href=\"https:\/\/www.senanque.fr\/wp-content\/uploads\/2020\/04\/DSC_1891-1.jpg\" rel=\"noreferrer\" data-rel=\"iLightbox[gallery_image_3]\" class=\"fusion-lightbox\" target=\"_self\"><img decoding=\"async\" src=\"https:\/\/www.senanque.fr\/wp-content\/uploads\/2020\/04\/DSC_1891-1.jpg\" width=\"303\" height=\"202\" alt=\"Le cloitre de l&#039;Abbaye Notre Dame de Seananque.\" title=\"DSC_1891\" aria-label=\"DSC_1891\" class=\"img-responsive wp-image-5494 fusion-gallery-image-size-fixed\" srcset=\"https:\/\/www.senanque.fr\/wp-content\/uploads\/2020\/04\/DSC_1891-1-50x33.jpg 50w, https:\/\/www.senanque.fr\/wp-content\/uploads\/2020\/04\/DSC_1891-1-113x75.jpg 113w, https:\/\/www.senanque.fr\/wp-content\/uploads\/2020\/04\/DSC_1891-1-219x146.jpg 219w, https:\/\/www.senanque.fr\/wp-content\/uploads\/2020\/04\/DSC_1891-1-450x300.jpg 450w, https:\/\/www.senanque.fr\/wp-content\/uploads\/2020\/04\/DSC_1891-1-768x512.jpg 768w, https:\/\/www.senanque.fr\/wp-content\/uploads\/2020\/04\/DSC_1891-1-900x600.jpg 900w, https:\/\/www.senanque.fr\/wp-content\/uploads\/2020\/04\/DSC_1891-1.jpg 6000w\" sizes=\"(max-width: 303px) 100vw, 303px\" \/><\/a><\/div><\/div><div style=\"padding:9px;\" class=\"fusion-grid-column fusion-gallery-column fusion-gallery-column-6 hover-type-none\"><div class=\"fusion-gallery-image\"><a href=\"https:\/\/www.senanque.fr\/wp-content\/uploads\/2020\/04\/Pa\u0302ques-2020-10.jpg\" rel=\"noreferrer\" data-rel=\"iLightbox[gallery_image_3]\" class=\"fusion-lightbox\" target=\"_self\"><img decoding=\"async\" src=\"https:\/\/www.senanque.fr\/wp-content\/uploads\/2020\/04\/Pa\u0302ques-2020-10.jpg\" width=\"269\" height=\"202\" alt=\"Communaut\u00e9 de l&#039;abbaye Notre-Dame de S\u00e9nanque - Ora &amp; Labora\" title=\"Pa\u0302ques 2020 10\" aria-label=\"Pa\u0302ques 2020 10\" class=\"img-responsive wp-image-5618 fusion-gallery-image-size-fixed\" srcset=\"https:\/\/www.senanque.fr\/wp-content\/uploads\/2020\/04\/Pa\u0302ques-2020-10-400x300.jpg 400w, https:\/\/www.senanque.fr\/wp-content\/uploads\/2020\/04\/Pa\u0302ques-2020-10-800x600.jpg 800w, https:\/\/www.senanque.fr\/wp-content\/uploads\/2020\/04\/Pa\u0302ques-2020-10.jpg 1600w\" sizes=\"(min-width: 2200px) 100vw, (min-width: 1000px) 193px, (min-width: 928px) 231px, (min-width: 856px) 289px, (min-width: 784px) 385px, (min-width: 712px) 578px, (min-width: 640px) 712px, \" \/><\/a><\/div><\/div><div style=\"padding:9px;\" class=\"fusion-grid-column fusion-gallery-column fusion-gallery-column-6 hover-type-none awb-gallery-item-hidden\"><div class=\"fusion-gallery-image\"><a href=\"https:\/\/www.senanque.fr\/wp-content\/uploads\/2020\/04\/Pa\u0302ques-2020-13.jpg\" rel=\"noreferrer\" data-rel=\"iLightbox[gallery_image_3]\" class=\"fusion-lightbox\" target=\"_self\"><img decoding=\"async\" src=\"https:\/\/www.senanque.fr\/wp-content\/uploads\/2020\/04\/Pa\u0302ques-2020-13.jpg\" width=\"269\" height=\"202\" alt=\"Communaut\u00e9 de l&#039;abbaye Notre-Dame de S\u00e9nanque - Ora &amp; Labora\" title=\"Pa\u0302ques 2020 13\" aria-label=\"Pa\u0302ques 2020 13\" class=\"img-responsive wp-image-5616 fusion-gallery-image-size-fixed\" srcset=\"https:\/\/www.senanque.fr\/wp-content\/uploads\/2020\/04\/Pa\u0302ques-2020-13-400x300.jpg 400w, https:\/\/www.senanque.fr\/wp-content\/uploads\/2020\/04\/Pa\u0302ques-2020-13-800x600.jpg 800w, https:\/\/www.senanque.fr\/wp-content\/uploads\/2020\/04\/Pa\u0302ques-2020-13.jpg 1600w\" sizes=\"(min-width: 2200px) 100vw, (min-width: 1000px) 193px, (min-width: 928px) 231px, (min-width: 856px) 289px, (min-width: 784px) 385px, (min-width: 712px) 578px, (min-width: 640px) 712px, \" \/><\/a><\/div><\/div><div style=\"padding:9px;\" class=\"fusion-grid-column fusion-gallery-column fusion-gallery-column-6 hover-type-none awb-gallery-item-hidden\"><div class=\"fusion-gallery-image\"><a href=\"https:\/\/www.senanque.fr\/wp-content\/uploads\/2020\/06\/fr-chevet-1.jpg\" rel=\"noreferrer\" data-rel=\"iLightbox[gallery_image_3]\" class=\"fusion-lightbox\" target=\"_self\"><img decoding=\"async\" src=\"https:\/\/www.senanque.fr\/wp-content\/uploads\/2020\/06\/fr-chevet-1.jpg\" width=\"303\" height=\"202\" alt=\"Le cloitre de l&#039;Abbaye Notre Dame de Seananque.\" title=\"fr chevet\" aria-label=\"fr chevet\" class=\"img-responsive wp-image-6282 fusion-gallery-image-size-fixed\" srcset=\"https:\/\/www.senanque.fr\/wp-content\/uploads\/2020\/06\/fr-chevet-1-50x33.jpg 50w, https:\/\/www.senanque.fr\/wp-content\/uploads\/2020\/06\/fr-chevet-1-113x75.jpg 113w, https:\/\/www.senanque.fr\/wp-content\/uploads\/2020\/06\/fr-chevet-1-219x146.jpg 219w, https:\/\/www.senanque.fr\/wp-content\/uploads\/2020\/06\/fr-chevet-1-450x300.jpg 450w, https:\/\/www.senanque.fr\/wp-content\/uploads\/2020\/06\/fr-chevet-1-768x512.jpg 768w, https:\/\/www.senanque.fr\/wp-content\/uploads\/2020\/06\/fr-chevet-1-900x600.jpg 900w, https:\/\/www.senanque.fr\/wp-content\/uploads\/2020\/06\/fr-chevet-1.jpg 6000w\" sizes=\"(max-width: 303px) 100vw, 303px\" \/><\/a><\/div><\/div><div class=\"clearfix\"><\/div><div style=\"padding:9px;\" class=\"fusion-grid-column fusion-gallery-column fusion-gallery-column-6 hover-type-none awb-gallery-item-hidden\"><div class=\"fusion-gallery-image\"><a href=\"https:\/\/www.senanque.fr\/wp-content\/uploads\/2020\/04\/Pa\u0302ques-2020-11.jpg\" rel=\"noreferrer\" data-rel=\"iLightbox[gallery_image_3]\" class=\"fusion-lightbox\" target=\"_self\"><img decoding=\"async\" src=\"https:\/\/www.senanque.fr\/wp-content\/uploads\/2020\/04\/Pa\u0302ques-2020-11.jpg\" width=\"269\" height=\"202\" alt=\"Communaut\u00e9 de l&#039;abbaye Notre-Dame de S\u00e9nanque - Ora &amp; Labora\" title=\"Pa\u0302ques 2020 11\" aria-label=\"Pa\u0302ques 2020 11\" class=\"img-responsive wp-image-5620 fusion-gallery-image-size-fixed\" srcset=\"https:\/\/www.senanque.fr\/wp-content\/uploads\/2020\/04\/Pa\u0302ques-2020-11-400x300.jpg 400w, https:\/\/www.senanque.fr\/wp-content\/uploads\/2020\/04\/Pa\u0302ques-2020-11-800x600.jpg 800w, https:\/\/www.senanque.fr\/wp-content\/uploads\/2020\/04\/Pa\u0302ques-2020-11.jpg 1600w\" sizes=\"(min-width: 2200px) 100vw, (min-width: 1000px) 193px, (min-width: 928px) 231px, (min-width: 856px) 289px, (min-width: 784px) 385px, (min-width: 712px) 578px, (min-width: 640px) 712px, \" \/><\/a><\/div><\/div><div style=\"padding:9px;\" class=\"fusion-grid-column fusion-gallery-column fusion-gallery-column-6 hover-type-none awb-gallery-item-hidden\"><div class=\"fusion-gallery-image\"><a href=\"https:\/\/www.senanque.fr\/wp-content\/uploads\/2020\/04\/DSC_1843-2.jpg\" rel=\"noreferrer\" data-rel=\"iLightbox[gallery_image_3]\" class=\"fusion-lightbox\" target=\"_self\"><img decoding=\"async\" src=\"https:\/\/www.senanque.fr\/wp-content\/uploads\/2020\/04\/DSC_1843-2.jpg\" width=\"303\" height=\"202\" alt=\"Communaut\u00e9 de l&#039;abbaye Notre-Dame de S\u00e9nanque - Ora &amp; Labora\" title=\"DSC_1843\" aria-label=\"DSC_1843\" class=\"img-responsive wp-image-5492 fusion-gallery-image-size-fixed\" srcset=\"https:\/\/www.senanque.fr\/wp-content\/uploads\/2020\/04\/DSC_1843-2-50x33.jpg 50w, https:\/\/www.senanque.fr\/wp-content\/uploads\/2020\/04\/DSC_1843-2-113x75.jpg 113w, https:\/\/www.senanque.fr\/wp-content\/uploads\/2020\/04\/DSC_1843-2-219x146.jpg 219w, https:\/\/www.senanque.fr\/wp-content\/uploads\/2020\/04\/DSC_1843-2-450x300.jpg 450w, https:\/\/www.senanque.fr\/wp-content\/uploads\/2020\/04\/DSC_1843-2-768x512.jpg 768w, https:\/\/www.senanque.fr\/wp-content\/uploads\/2020\/04\/DSC_1843-2-900x600.jpg 900w, https:\/\/www.senanque.fr\/wp-content\/uploads\/2020\/04\/DSC_1843-2.jpg 6000w\" sizes=\"(max-width: 303px) 100vw, 303px\" \/><\/a><\/div><\/div><div style=\"padding:9px;\" class=\"fusion-grid-column fusion-gallery-column fusion-gallery-column-6 hover-type-none awb-gallery-item-hidden\"><div class=\"fusion-gallery-image\"><a href=\"https:\/\/www.senanque.fr\/wp-content\/uploads\/2020\/04\/FR-JB2-1-1.jpg\" rel=\"noreferrer\" data-rel=\"iLightbox[gallery_image_3]\" class=\"fusion-lightbox\" target=\"_self\"><img decoding=\"async\" src=\"https:\/\/www.senanque.fr\/wp-content\/uploads\/2020\/04\/FR-JB2-1-1.jpg\" width=\"238\" height=\"202\" alt=\"Communaut\u00e9 de l&#039;abbaye Notre-Dame de S\u00e9nanque - Ora &amp; Labora\" title=\"FR JB2-1\" aria-label=\"FR JB2-1\" class=\"img-responsive wp-image-5532 fusion-gallery-image-size-fixed\" srcset=\"https:\/\/www.senanque.fr\/wp-content\/uploads\/2020\/04\/FR-JB2-1-1-50x42.jpg 50w, https:\/\/www.senanque.fr\/wp-content\/uploads\/2020\/04\/FR-JB2-1-1-88x75.jpg 88w, https:\/\/www.senanque.fr\/wp-content\/uploads\/2020\/04\/FR-JB2-1-1-172x146.jpg 172w, https:\/\/www.senanque.fr\/wp-content\/uploads\/2020\/04\/FR-JB2-1-1-354x300.jpg 354w, https:\/\/www.senanque.fr\/wp-content\/uploads\/2020\/04\/FR-JB2-1-1-708x600.jpg 708w, https:\/\/www.senanque.fr\/wp-content\/uploads\/2020\/04\/FR-JB2-1-1-768x651.jpg 768w, https:\/\/www.senanque.fr\/wp-content\/uploads\/2020\/04\/FR-JB2-1-1.jpg 2000w\" sizes=\"(max-width: 238px) 100vw, 238px\" \/><\/a><\/div><\/div><div style=\"padding:9px;\" class=\"fusion-grid-column fusion-gallery-column fusion-gallery-column-6 hover-type-none awb-gallery-item-hidden\"><div class=\"fusion-gallery-image\"><a href=\"https:\/\/www.senanque.fr\/wp-content\/uploads\/2019\/07\/ABBAY.jpg\" rel=\"noreferrer\" data-rel=\"iLightbox[gallery_image_3]\" class=\"fusion-lightbox\" target=\"_self\"><img decoding=\"async\" src=\"https:\/\/www.senanque.fr\/wp-content\/uploads\/2019\/07\/ABBAY.jpg\" width=\"303\" height=\"202\" alt=\"Communaut\u00e9 de l&#039;abbaye Notre-Dame de S\u00e9nanque - Ora &amp; Labora\" title=\"ABBAY\" aria-label=\"ABBAY\" class=\"img-responsive wp-image-3977 fusion-gallery-image-size-fixed\" srcset=\"https:\/\/www.senanque.fr\/wp-content\/uploads\/2019\/07\/ABBAY-50x33.jpg 50w, https:\/\/www.senanque.fr\/wp-content\/uploads\/2019\/07\/ABBAY-113x75.jpg 113w, https:\/\/www.senanque.fr\/wp-content\/uploads\/2019\/07\/ABBAY-219x146.jpg 219w, https:\/\/www.senanque.fr\/wp-content\/uploads\/2019\/07\/ABBAY-450x300.jpg 450w, https:\/\/www.senanque.fr\/wp-content\/uploads\/2019\/07\/ABBAY-768x512.jpg 768w, https:\/\/www.senanque.fr\/wp-content\/uploads\/2019\/07\/ABBAY.jpg 900w\" sizes=\"(max-width: 303px) 100vw, 303px\" \/><\/a><\/div><\/div><div style=\"padding:9px;\" class=\"fusion-grid-column fusion-gallery-column fusion-gallery-column-6 hover-type-none awb-gallery-item-hidden\"><div class=\"fusion-gallery-image\"><a href=\"https:\/\/www.senanque.fr\/wp-content\/uploads\/2020\/04\/112.jpg\" rel=\"noreferrer\" data-rel=\"iLightbox[gallery_image_3]\" class=\"fusion-lightbox\" target=\"_self\"><img decoding=\"async\" src=\"https:\/\/www.senanque.fr\/wp-content\/uploads\/2020\/04\/112.jpg\" width=\"303\" height=\"202\" alt=\"Communaut\u00e9 de l&#039;abbaye Notre-Dame de S\u00e9nanque - Ora &amp; Labora\" title=\"Communaut\u00e9 et vie quotidienne des moines a l&#8217;abbaye Notre Dame de Senanque.\" aria-label=\"Communaut\u00e9 et vie quotidienne des moines a l&#8217;abbaye Notre Dame de Senanque.\" class=\"img-responsive wp-image-5505 fusion-gallery-image-size-fixed\" srcset=\"https:\/\/www.senanque.fr\/wp-content\/uploads\/2020\/04\/112-50x33.jpg 50w, https:\/\/www.senanque.fr\/wp-content\/uploads\/2020\/04\/112-113x75.jpg 113w, https:\/\/www.senanque.fr\/wp-content\/uploads\/2020\/04\/112-219x146.jpg 219w, https:\/\/www.senanque.fr\/wp-content\/uploads\/2020\/04\/112-450x300.jpg 450w, https:\/\/www.senanque.fr\/wp-content\/uploads\/2020\/04\/112-768x512.jpg 768w, https:\/\/www.senanque.fr\/wp-content\/uploads\/2020\/04\/112-900x600.jpg 900w, https:\/\/www.senanque.fr\/wp-content\/uploads\/2020\/04\/112.jpg 1620w\" sizes=\"(max-width: 303px) 100vw, 303px\" \/><\/a><\/div><\/div><div style=\"padding:9px;\" class=\"fusion-grid-column fusion-gallery-column fusion-gallery-column-6 hover-type-none awb-gallery-item-hidden\"><div class=\"fusion-gallery-image\"><a href=\"https:\/\/www.senanque.fr\/wp-content\/uploads\/2020\/04\/LV9.jpg\" rel=\"noreferrer\" data-rel=\"iLightbox[gallery_image_3]\" class=\"fusion-lightbox\" target=\"_self\"><img decoding=\"async\" src=\"https:\/\/www.senanque.fr\/wp-content\/uploads\/2020\/04\/LV9.jpg\" width=\"303\" height=\"202\" alt=\"Communaut\u00e9 de l&#039;abbaye Notre-Dame de S\u00e9nanque - Ora &amp; Labora\" title=\"LV9\" aria-label=\"LV9\" class=\"img-responsive wp-image-5473 fusion-gallery-image-size-fixed\" srcset=\"https:\/\/www.senanque.fr\/wp-content\/uploads\/2020\/04\/LV9-50x33.jpg 50w, https:\/\/www.senanque.fr\/wp-content\/uploads\/2020\/04\/LV9-113x75.jpg 113w, https:\/\/www.senanque.fr\/wp-content\/uploads\/2020\/04\/LV9-219x146.jpg 219w, https:\/\/www.senanque.fr\/wp-content\/uploads\/2020\/04\/LV9-450x300.jpg 450w, https:\/\/www.senanque.fr\/wp-content\/uploads\/2020\/04\/LV9-768x512.jpg 768w, https:\/\/www.senanque.fr\/wp-content\/uploads\/2020\/04\/LV9.jpg 900w\" sizes=\"(max-width: 303px) 100vw, 303px\" \/><\/a><\/div><\/div><div class=\"clearfix\"><\/div><div style=\"padding:9px;\" class=\"fusion-grid-column fusion-gallery-column fusion-gallery-column-6 hover-type-none awb-gallery-item-hidden\"><div class=\"fusion-gallery-image\"><a href=\"https:\/\/www.senanque.fr\/wp-content\/uploads\/2020\/04\/460.jpg\" rel=\"noreferrer\" data-rel=\"iLightbox[gallery_image_3]\" class=\"fusion-lightbox\" target=\"_self\"><img decoding=\"async\" src=\"https:\/\/www.senanque.fr\/wp-content\/uploads\/2020\/04\/460.jpg\" width=\"303\" height=\"202\" alt=\"Communaut\u00e9 de l&#039;abbaye Notre-Dame de S\u00e9nanque - Ora &amp; Labora\" title=\"Abbaye Notre Dame de Senanque\" aria-label=\"Abbaye Notre Dame de Senanque\" class=\"img-responsive wp-image-5521 fusion-gallery-image-size-fixed\" srcset=\"https:\/\/www.senanque.fr\/wp-content\/uploads\/2020\/04\/460-50x33.jpg 50w, https:\/\/www.senanque.fr\/wp-content\/uploads\/2020\/04\/460-113x75.jpg 113w, https:\/\/www.senanque.fr\/wp-content\/uploads\/2020\/04\/460-219x146.jpg 219w, https:\/\/www.senanque.fr\/wp-content\/uploads\/2020\/04\/460-450x300.jpg 450w, https:\/\/www.senanque.fr\/wp-content\/uploads\/2020\/04\/460-768x512.jpg 768w, https:\/\/www.senanque.fr\/wp-content\/uploads\/2020\/04\/460-900x600.jpg 900w, https:\/\/www.senanque.fr\/wp-content\/uploads\/2020\/04\/460.jpg 1620w\" sizes=\"(max-width: 303px) 100vw, 303px\" \/><\/a><\/div><\/div><div style=\"padding:9px;\" class=\"fusion-grid-column fusion-gallery-column fusion-gallery-column-6 hover-type-none awb-gallery-item-hidden\"><div class=\"fusion-gallery-image\"><a href=\"https:\/\/www.senanque.fr\/wp-content\/uploads\/2018\/08\/Champs.jpg\" rel=\"noreferrer\" data-rel=\"iLightbox[gallery_image_3]\" class=\"fusion-lightbox\" target=\"_self\"><img decoding=\"async\" src=\"https:\/\/www.senanque.fr\/wp-content\/uploads\/2018\/08\/Champs.jpg\" width=\"303\" height=\"202\" alt=\"Communaut\u00e9 de l&#039;abbaye Notre-Dame de S\u00e9nanque - Ora &amp; Labora\" title=\"Champs\" aria-label=\"Champs\" class=\"img-responsive wp-image-981 fusion-gallery-image-size-fixed\" srcset=\"https:\/\/www.senanque.fr\/wp-content\/uploads\/2018\/08\/Champs-50x33.jpg 50w, https:\/\/www.senanque.fr\/wp-content\/uploads\/2018\/08\/Champs-112x75.jpg 112w, https:\/\/www.senanque.fr\/wp-content\/uploads\/2018\/08\/Champs-219x146.jpg 219w, https:\/\/www.senanque.fr\/wp-content\/uploads\/2018\/08\/Champs-450x300.jpg 450w, https:\/\/www.senanque.fr\/wp-content\/uploads\/2018\/08\/Champs-768x512.jpg 768w, https:\/\/www.senanque.fr\/wp-content\/uploads\/2018\/08\/Champs-900x600.jpg 900w, https:\/\/www.senanque.fr\/wp-content\/uploads\/2018\/08\/Champs.jpg 4000w\" sizes=\"(max-width: 303px) 100vw, 303px\" \/><\/a><\/div><\/div><div style=\"padding:9px;\" class=\"fusion-grid-column fusion-gallery-column fusion-gallery-column-6 hover-type-none awb-gallery-item-hidden\"><div class=\"fusion-gallery-image\"><a href=\"https:\/\/www.senanque.fr\/wp-content\/uploads\/2020\/04\/168.jpg\" rel=\"noreferrer\" data-rel=\"iLightbox[gallery_image_3]\" class=\"fusion-lightbox\" target=\"_self\"><img decoding=\"async\" src=\"https:\/\/www.senanque.fr\/wp-content\/uploads\/2020\/04\/168.jpg\" width=\"303\" height=\"202\" alt=\"Communaut\u00e9 de l&#039;abbaye Notre-Dame de S\u00e9nanque - Ora &amp; Labora\" title=\"Abbaye Notre Dame de Senanque\" aria-label=\"Abbaye Notre Dame de Senanque\" class=\"img-responsive wp-image-5509 fusion-gallery-image-size-fixed\" srcset=\"https:\/\/www.senanque.fr\/wp-content\/uploads\/2020\/04\/168-50x33.jpg 50w, https:\/\/www.senanque.fr\/wp-content\/uploads\/2020\/04\/168-113x75.jpg 113w, https:\/\/www.senanque.fr\/wp-content\/uploads\/2020\/04\/168-219x146.jpg 219w, https:\/\/www.senanque.fr\/wp-content\/uploads\/2020\/04\/168-450x300.jpg 450w, https:\/\/www.senanque.fr\/wp-content\/uploads\/2020\/04\/168-768x512.jpg 768w, https:\/\/www.senanque.fr\/wp-content\/uploads\/2020\/04\/168-900x600.jpg 900w, https:\/\/www.senanque.fr\/wp-content\/uploads\/2020\/04\/168.jpg 1620w\" sizes=\"(max-width: 303px) 100vw, 303px\" \/><\/a><\/div><\/div><div style=\"padding:9px;\" class=\"fusion-grid-column fusion-gallery-column fusion-gallery-column-6 hover-type-none awb-gallery-item-hidden\"><div class=\"fusion-gallery-image\"><a href=\"https:\/\/www.senanque.fr\/wp-content\/uploads\/2020\/03\/R.jpg\" rel=\"noreferrer\" data-rel=\"iLightbox[gallery_image_3]\" class=\"fusion-lightbox\" target=\"_self\"><img decoding=\"async\" src=\"https:\/\/www.senanque.fr\/wp-content\/uploads\/2020\/03\/R.jpg\" width=\"314\" height=\"202\" alt=\"Communaut\u00e9 de l&#039;abbaye Notre-Dame de S\u00e9nanque - Ora &amp; Labora\" title=\"R\" aria-label=\"R\" class=\"img-responsive wp-image-5442 fusion-gallery-image-size-fixed\" srcset=\"https:\/\/www.senanque.fr\/wp-content\/uploads\/2020\/03\/R-50x32.jpg 50w, https:\/\/www.senanque.fr\/wp-content\/uploads\/2020\/03\/R-116x75.jpg 116w, https:\/\/www.senanque.fr\/wp-content\/uploads\/2020\/03\/R-227x146.jpg 227w, https:\/\/www.senanque.fr\/wp-content\/uploads\/2020\/03\/R-466x300.jpg 466w, https:\/\/www.senanque.fr\/wp-content\/uploads\/2020\/03\/R-768x495.jpg 768w, https:\/\/www.senanque.fr\/wp-content\/uploads\/2020\/03\/R.jpg 899w\" sizes=\"(max-width: 314px) 100vw, 314px\" \/><\/a><\/div><\/div><div style=\"padding:9px;\" class=\"fusion-grid-column fusion-gallery-column fusion-gallery-column-6 hover-type-none awb-gallery-item-hidden\"><div class=\"fusion-gallery-image\"><a href=\"https:\/\/www.senanque.fr\/wp-content\/uploads\/2020\/04\/Fr-JM-1.jpg\" rel=\"noreferrer\" data-rel=\"iLightbox[gallery_image_3]\" class=\"fusion-lightbox\" target=\"_self\"><img decoding=\"async\" src=\"https:\/\/www.senanque.fr\/wp-content\/uploads\/2020\/04\/Fr-JM-1.jpg\" width=\"303\" height=\"202\" alt=\"Communaut\u00e9 de l&#039;abbaye Notre-Dame de S\u00e9nanque - Ora &amp; Labora\" title=\"Fr JM\" aria-label=\"Fr JM\" class=\"img-responsive wp-image-5536 fusion-gallery-image-size-fixed\" srcset=\"https:\/\/www.senanque.fr\/wp-content\/uploads\/2020\/04\/Fr-JM-1-50x33.jpg 50w, https:\/\/www.senanque.fr\/wp-content\/uploads\/2020\/04\/Fr-JM-1-113x75.jpg 113w, https:\/\/www.senanque.fr\/wp-content\/uploads\/2020\/04\/Fr-JM-1-219x146.jpg 219w, https:\/\/www.senanque.fr\/wp-content\/uploads\/2020\/04\/Fr-JM-1-450x300.jpg 450w, https:\/\/www.senanque.fr\/wp-content\/uploads\/2020\/04\/Fr-JM-1-768x512.jpg 768w, https:\/\/www.senanque.fr\/wp-content\/uploads\/2020\/04\/Fr-JM-1.jpg 900w\" sizes=\"(max-width: 303px) 100vw, 303px\" \/><\/a><\/div><\/div><div style=\"padding:9px;\" class=\"fusion-grid-column fusion-gallery-column fusion-gallery-column-6 hover-type-none awb-gallery-item-hidden\"><div class=\"fusion-gallery-image\"><a href=\"https:\/\/www.senanque.fr\/wp-content\/uploads\/2020\/03\/Fenetre-sur.jpg\" rel=\"noreferrer\" data-rel=\"iLightbox[gallery_image_3]\" class=\"fusion-lightbox\" target=\"_self\"><img decoding=\"async\" src=\"https:\/\/www.senanque.fr\/wp-content\/uploads\/2020\/03\/Fenetre-sur.jpg\" width=\"303\" height=\"202\" alt=\"Communaut\u00e9 de l&#039;abbaye Notre-Dame de S\u00e9nanque - Ora &amp; Labora\" title=\"Fenetre sur\" aria-label=\"Fenetre sur\" class=\"img-responsive wp-image-5437 fusion-gallery-image-size-fixed\" srcset=\"https:\/\/www.senanque.fr\/wp-content\/uploads\/2020\/03\/Fenetre-sur-50x33.jpg 50w, https:\/\/www.senanque.fr\/wp-content\/uploads\/2020\/03\/Fenetre-sur-113x75.jpg 113w, https:\/\/www.senanque.fr\/wp-content\/uploads\/2020\/03\/Fenetre-sur-219x146.jpg 219w, https:\/\/www.senanque.fr\/wp-content\/uploads\/2020\/03\/Fenetre-sur-450x300.jpg 450w, https:\/\/www.senanque.fr\/wp-content\/uploads\/2020\/03\/Fenetre-sur-768x512.jpg 768w, https:\/\/www.senanque.fr\/wp-content\/uploads\/2020\/03\/Fenetre-sur.jpg 900w\" sizes=\"(max-width: 303px) 100vw, 303px\" \/><\/a><\/div><\/div><div class=\"clearfix\"><\/div><div style=\"padding:9px;\" class=\"fusion-grid-column fusion-gallery-column fusion-gallery-column-6 hover-type-none awb-gallery-item-hidden\"><div class=\"fusion-gallery-image\"><a href=\"https:\/\/www.senanque.fr\/wp-content\/uploads\/2020\/04\/122.jpg\" rel=\"noreferrer\" data-rel=\"iLightbox[gallery_image_3]\" class=\"fusion-lightbox\" target=\"_self\"><img decoding=\"async\" src=\"https:\/\/www.senanque.fr\/wp-content\/uploads\/2020\/04\/122.jpg\" width=\"303\" height=\"202\" alt=\"Communaut\u00e9 de l&#039;abbaye Notre-Dame de S\u00e9nanque - Ora &amp; Labora\" title=\"Le cloitre de l&#8217;Abbaye Notre Dame de Seananque.\" aria-label=\"Le cloitre de l&#8217;Abbaye Notre Dame de Seananque.\" class=\"img-responsive wp-image-5507 fusion-gallery-image-size-fixed\" srcset=\"https:\/\/www.senanque.fr\/wp-content\/uploads\/2020\/04\/122-50x33.jpg 50w, https:\/\/www.senanque.fr\/wp-content\/uploads\/2020\/04\/122-113x75.jpg 113w, https:\/\/www.senanque.fr\/wp-content\/uploads\/2020\/04\/122-219x146.jpg 219w, https:\/\/www.senanque.fr\/wp-content\/uploads\/2020\/04\/122-450x300.jpg 450w, https:\/\/www.senanque.fr\/wp-content\/uploads\/2020\/04\/122-768x512.jpg 768w, https:\/\/www.senanque.fr\/wp-content\/uploads\/2020\/04\/122-900x600.jpg 900w, https:\/\/www.senanque.fr\/wp-content\/uploads\/2020\/04\/122.jpg 1620w\" sizes=\"(max-width: 303px) 100vw, 303px\" \/><\/a><\/div><\/div><div style=\"padding:9px;\" class=\"fusion-grid-column fusion-gallery-column fusion-gallery-column-6 hover-type-none awb-gallery-item-hidden\"><div class=\"fusion-gallery-image\"><a href=\"https:\/\/www.senanque.fr\/wp-content\/uploads\/2020\/04\/Bouquet-en-feu.jpg\" rel=\"noreferrer\" data-rel=\"iLightbox[gallery_image_3]\" class=\"fusion-lightbox\" target=\"_self\"><img decoding=\"async\" src=\"https:\/\/www.senanque.fr\/wp-content\/uploads\/2020\/04\/Bouquet-en-feu.jpg\" width=\"320\" height=\"152\" alt=\"Communaut\u00e9 de l&#039;abbaye Notre-Dame de S\u00e9nanque - Ora &amp; Labora \" title=\"Bouquet en feu\" aria-label=\"Bouquet en feu\" class=\"img-responsive wp-image-5447 fusion-gallery-image-size-fixed\" srcset=\"https:\/\/www.senanque.fr\/wp-content\/uploads\/2020\/04\/Bouquet-en-feu-50x24.jpg 50w, https:\/\/www.senanque.fr\/wp-content\/uploads\/2020\/04\/Bouquet-en-feu-150x71.jpg 150w, https:\/\/www.senanque.fr\/wp-content\/uploads\/2020\/04\/Bouquet-en-feu-260x123.jpg 260w, https:\/\/www.senanque.fr\/wp-content\/uploads\/2020\/04\/Bouquet-en-feu-632x300.jpg 632w, https:\/\/www.senanque.fr\/wp-content\/uploads\/2020\/04\/Bouquet-en-feu-768x364.jpg 768w, https:\/\/www.senanque.fr\/wp-content\/uploads\/2020\/04\/Bouquet-en-feu.jpg 900w\" sizes=\"(max-width: 320px) 100vw, 320px\" \/><\/a><\/div><\/div><div style=\"padding:9px;\" class=\"fusion-grid-column fusion-gallery-column fusion-gallery-column-6 hover-type-none awb-gallery-item-hidden\"><div class=\"fusion-gallery-image\"><a href=\"https:\/\/www.senanque.fr\/wp-content\/uploads\/2020\/04\/Arbres-en-feu.jpg\" rel=\"noreferrer\" data-rel=\"iLightbox[gallery_image_3]\" class=\"fusion-lightbox\" target=\"_self\"><img decoding=\"async\" src=\"https:\/\/www.senanque.fr\/wp-content\/uploads\/2020\/04\/Arbres-en-feu.jpg\" width=\"320\" height=\"156\" alt=\"Communaut\u00e9 de l&#039;abbaye Notre-Dame de S\u00e9nanque - Ora &amp; Labora arbres en feu\" title=\"Arbres en feu\" aria-label=\"Arbres en feu\" class=\"img-responsive wp-image-5445 fusion-gallery-image-size-fixed\" srcset=\"https:\/\/www.senanque.fr\/wp-content\/uploads\/2020\/04\/Arbres-en-feu-50x24.jpg 50w, https:\/\/www.senanque.fr\/wp-content\/uploads\/2020\/04\/Arbres-en-feu-150x73.jpg 150w, https:\/\/www.senanque.fr\/wp-content\/uploads\/2020\/04\/Arbres-en-feu-260x127.jpg 260w, https:\/\/www.senanque.fr\/wp-content\/uploads\/2020\/04\/Arbres-en-feu-614x300.jpg 614w, https:\/\/www.senanque.fr\/wp-content\/uploads\/2020\/04\/Arbres-en-feu-768x375.jpg 768w, https:\/\/www.senanque.fr\/wp-content\/uploads\/2020\/04\/Arbres-en-feu.jpg 900w\" sizes=\"(max-width: 320px) 100vw, 320px\" \/><\/a><\/div><\/div><div style=\"padding:9px;\" class=\"fusion-grid-column fusion-gallery-column fusion-gallery-column-6 hover-type-none awb-gallery-item-hidden\"><div class=\"fusion-gallery-image\"><a href=\"https:\/\/www.senanque.fr\/wp-content\/uploads\/2020\/03\/6-1.jpg\" rel=\"noreferrer\" data-rel=\"iLightbox[gallery_image_3]\" class=\"fusion-lightbox\" target=\"_self\"><img decoding=\"async\" src=\"https:\/\/www.senanque.fr\/wp-content\/uploads\/2020\/03\/6-1.jpg\" width=\"303\" height=\"202\" alt=\"Communaut\u00e9 de l&#039;abbaye Notre-Dame de S\u00e9nanque - Ora &amp; Labora\" title=\"6\" aria-label=\"6\" class=\"img-responsive wp-image-5405 fusion-gallery-image-size-fixed\" srcset=\"https:\/\/www.senanque.fr\/wp-content\/uploads\/2020\/03\/6-1-50x33.jpg 50w, https:\/\/www.senanque.fr\/wp-content\/uploads\/2020\/03\/6-1-113x75.jpg 113w, https:\/\/www.senanque.fr\/wp-content\/uploads\/2020\/03\/6-1-219x146.jpg 219w, https:\/\/www.senanque.fr\/wp-content\/uploads\/2020\/03\/6-1-450x300.jpg 450w, https:\/\/www.senanque.fr\/wp-content\/uploads\/2020\/03\/6-1-768x512.jpg 768w, https:\/\/www.senanque.fr\/wp-content\/uploads\/2020\/03\/6-1-900x600.jpg 900w, https:\/\/www.senanque.fr\/wp-content\/uploads\/2020\/03\/6-1.jpg 6000w\" sizes=\"(max-width: 303px) 100vw, 303px\" \/><\/a><\/div><\/div><div style=\"padding:9px;\" class=\"fusion-grid-column fusion-gallery-column fusion-gallery-column-6 hover-type-none awb-gallery-item-hidden\"><div class=\"fusion-gallery-image\"><a href=\"https:\/\/www.senanque.fr\/wp-content\/uploads\/2020\/04\/311-1.jpg\" rel=\"noreferrer\" data-rel=\"iLightbox[gallery_image_3]\" class=\"fusion-lightbox\" target=\"_self\"><img decoding=\"async\" src=\"https:\/\/www.senanque.fr\/wp-content\/uploads\/2020\/04\/311-1.jpg\" width=\"303\" height=\"202\" alt=\"Communaut\u00e9 de l&#039;abbaye Notre-Dame de S\u00e9nanque - Ora &amp; Labora\" title=\"311-1\" aria-label=\"311-1\" class=\"img-responsive wp-image-5525 fusion-gallery-image-size-fixed\" srcset=\"https:\/\/www.senanque.fr\/wp-content\/uploads\/2020\/04\/311-1-50x33.jpg 50w, https:\/\/www.senanque.fr\/wp-content\/uploads\/2020\/04\/311-1-113x75.jpg 113w, https:\/\/www.senanque.fr\/wp-content\/uploads\/2020\/04\/311-1-219x146.jpg 219w, https:\/\/www.senanque.fr\/wp-content\/uploads\/2020\/04\/311-1-450x300.jpg 450w, https:\/\/www.senanque.fr\/wp-content\/uploads\/2020\/04\/311-1-768x512.jpg 768w, https:\/\/www.senanque.fr\/wp-content\/uploads\/2020\/04\/311-1-900x600.jpg 900w, https:\/\/www.senanque.fr\/wp-content\/uploads\/2020\/04\/311-1.jpg 1620w\" sizes=\"(max-width: 303px) 100vw, 303px\" \/><\/a><\/div><\/div><div style=\"padding:9px;\" class=\"fusion-grid-column fusion-gallery-column fusion-gallery-column-6 hover-type-none awb-gallery-item-hidden\"><div class=\"fusion-gallery-image\"><a href=\"https:\/\/www.senanque.fr\/wp-content\/uploads\/2020\/04\/DSC_4759-2.jpg\" rel=\"noreferrer\" data-rel=\"iLightbox[gallery_image_3]\" class=\"fusion-lightbox\" target=\"_self\"><img decoding=\"async\" src=\"https:\/\/www.senanque.fr\/wp-content\/uploads\/2020\/04\/DSC_4759-2.jpg\" width=\"260\" height=\"202\" alt=\"Communaut\u00e9 de l&#039;abbaye Notre-Dame de S\u00e9nanque - Ora &amp; Labora\" title=\"DSC_4759\" aria-label=\"DSC_4759\" class=\"img-responsive wp-image-5500 fusion-gallery-image-size-fixed\" srcset=\"https:\/\/www.senanque.fr\/wp-content\/uploads\/2020\/04\/DSC_4759-2-50x39.jpg 50w, https:\/\/www.senanque.fr\/wp-content\/uploads\/2020\/04\/DSC_4759-2-97x75.jpg 97w, https:\/\/www.senanque.fr\/wp-content\/uploads\/2020\/04\/DSC_4759-2-188x146.jpg 188w, https:\/\/www.senanque.fr\/wp-content\/uploads\/2020\/04\/DSC_4759-2-387x300.jpg 387w, https:\/\/www.senanque.fr\/wp-content\/uploads\/2020\/04\/DSC_4759-2-768x596.jpg 768w, https:\/\/www.senanque.fr\/wp-content\/uploads\/2020\/04\/DSC_4759-2-773x600.jpg 773w, https:\/\/www.senanque.fr\/wp-content\/uploads\/2020\/04\/DSC_4759-2-1280x1000.jpg 1280w, https:\/\/www.senanque.fr\/wp-content\/uploads\/2020\/04\/DSC_4759-2.jpg 5120w\" sizes=\"(max-width: 260px) 100vw, 260px\" \/><\/a><\/div><\/div><div class=\"clearfix\"><\/div><div style=\"padding:9px;\" class=\"fusion-grid-column fusion-gallery-column fusion-gallery-column-6 hover-type-none awb-gallery-item-hidden\"><div class=\"fusion-gallery-image\"><a href=\"https:\/\/www.senanque.fr\/wp-content\/uploads\/2020\/03\/Neige-2-2.jpg\" rel=\"noreferrer\" data-rel=\"iLightbox[gallery_image_3]\" class=\"fusion-lightbox\" target=\"_self\"><img decoding=\"async\" src=\"https:\/\/www.senanque.fr\/wp-content\/uploads\/2020\/03\/Neige-2-2.jpg\" width=\"254\" height=\"202\" alt=\"Communaut\u00e9 de l&#039;abbaye Notre-Dame de S\u00e9nanque - Ora &amp; Labora\" title=\"Neige 2\" aria-label=\"Neige 2\" class=\"img-responsive wp-image-5431 fusion-gallery-image-size-fixed\" srcset=\"https:\/\/www.senanque.fr\/wp-content\/uploads\/2020\/03\/Neige-2-2-50x40.jpg 50w, https:\/\/www.senanque.fr\/wp-content\/uploads\/2020\/03\/Neige-2-2-94x75.jpg 94w, https:\/\/www.senanque.fr\/wp-content\/uploads\/2020\/03\/Neige-2-2-184x146.jpg 184w, https:\/\/www.senanque.fr\/wp-content\/uploads\/2020\/03\/Neige-2-2-378x300.jpg 378w, https:\/\/www.senanque.fr\/wp-content\/uploads\/2020\/03\/Neige-2-2-755x600.jpg 755w, https:\/\/www.senanque.fr\/wp-content\/uploads\/2020\/03\/Neige-2-2-768x610.jpg 768w, https:\/\/www.senanque.fr\/wp-content\/uploads\/2020\/03\/Neige-2-2.jpg 1251w\" sizes=\"(max-width: 254px) 100vw, 254px\" \/><\/a><\/div><\/div><div style=\"padding:9px;\" class=\"fusion-grid-column fusion-gallery-column fusion-gallery-column-6 hover-type-none awb-gallery-item-hidden\"><div class=\"fusion-gallery-image\"><a href=\"https:\/\/www.senanque.fr\/wp-content\/uploads\/2020\/04\/303.jpg\" rel=\"noreferrer\" data-rel=\"iLightbox[gallery_image_3]\" class=\"fusion-lightbox\" target=\"_self\"><img decoding=\"async\" src=\"https:\/\/www.senanque.fr\/wp-content\/uploads\/2020\/04\/303.jpg\" width=\"299\" height=\"202\" alt=\"Communaut\u00e9 de l&#039;abbaye Notre-Dame de S\u00e9nanque - Ora &amp; Labora\" title=\"303\" aria-label=\"303\" class=\"img-responsive wp-image-5513 fusion-gallery-image-size-fixed\" srcset=\"https:\/\/www.senanque.fr\/wp-content\/uploads\/2020\/04\/303-50x34.jpg 50w, https:\/\/www.senanque.fr\/wp-content\/uploads\/2020\/04\/303-111x75.jpg 111w, https:\/\/www.senanque.fr\/wp-content\/uploads\/2020\/04\/303-216x146.jpg 216w, https:\/\/www.senanque.fr\/wp-content\/uploads\/2020\/04\/303-444x300.jpg 444w, https:\/\/www.senanque.fr\/wp-content\/uploads\/2020\/04\/303-768x519.jpg 768w, https:\/\/www.senanque.fr\/wp-content\/uploads\/2020\/04\/303-888x600.jpg 888w, https:\/\/www.senanque.fr\/wp-content\/uploads\/2020\/04\/303.jpg 1599w\" sizes=\"(max-width: 299px) 100vw, 299px\" \/><\/a><\/div><\/div><div style=\"padding:9px;\" class=\"fusion-grid-column fusion-gallery-column fusion-gallery-column-6 hover-type-none awb-gallery-item-hidden\"><div class=\"fusion-gallery-image\"><a href=\"https:\/\/www.senanque.fr\/wp-content\/uploads\/2020\/04\/30.jpg\" rel=\"noreferrer\" data-rel=\"iLightbox[gallery_image_3]\" class=\"fusion-lightbox\" target=\"_self\"><img decoding=\"async\" src=\"https:\/\/www.senanque.fr\/wp-content\/uploads\/2020\/04\/30.jpg\" width=\"303\" height=\"202\" alt=\"Communaut\u00e9 de l&#039;abbaye Notre-Dame de S\u00e9nanque - Ora &amp; Labora\" title=\"Communaut\u00e9 et vie quotidienne des moines a l&#8217;abbaye Notre Dame de Senanque.\" aria-label=\"Communaut\u00e9 et vie quotidienne des moines a l&#8217;abbaye Notre Dame de Senanque.\" class=\"img-responsive wp-image-5503 fusion-gallery-image-size-fixed\" srcset=\"https:\/\/www.senanque.fr\/wp-content\/uploads\/2020\/04\/30-50x33.jpg 50w, https:\/\/www.senanque.fr\/wp-content\/uploads\/2020\/04\/30-113x75.jpg 113w, https:\/\/www.senanque.fr\/wp-content\/uploads\/2020\/04\/30-219x146.jpg 219w, https:\/\/www.senanque.fr\/wp-content\/uploads\/2020\/04\/30-450x300.jpg 450w, https:\/\/www.senanque.fr\/wp-content\/uploads\/2020\/04\/30-768x512.jpg 768w, https:\/\/www.senanque.fr\/wp-content\/uploads\/2020\/04\/30-900x600.jpg 900w, https:\/\/www.senanque.fr\/wp-content\/uploads\/2020\/04\/30.jpg 1620w\" sizes=\"(max-width: 303px) 100vw, 303px\" \/><\/a><\/div><\/div><\/div><div class=\"fusion-loading-container fusion-clearfix awb-gallery-posts-loading-container\">\n\t\t\t\t<div class=\"fusion-loading-spinner\">\n\t\t\t\t\t<div class=\"fusion-spinner-1\"><\/div>\n\t\t\t\t\t<div class=\"fusion-spinner-2\"><\/div>\n\t\t\t\t\t<div class=\"fusion-spinner-3\"><\/div>\n\t\t\t\t<\/div><div class=\"fusion-loading-msg\"><em>Loading the next set of gallery items...<\/em><\/div><\/div><div class=\"awb-gallery-buttons\"><a href=\"#\" class=\"fusion-button button-flat button-default fusion-button-default-size awb-gallery-load-more-btn\">Afficher d'autres images<\/a><\/div><\/div><\/div><\/div><\/div><\/div><\/div><div class=\"fusion-fullwidth fullwidth-box fusion-builder-row-7 fusion-flex-container has-pattern-background has-mask-background nonhundred-percent-fullwidth non-hundred-percent-height-scrolling\" style=\"--link_hover_color: var(--awb-color2);--awb-border-radius-top-left:0px;--awb-border-radius-top-right:0px;--awb-border-radius-bottom-right:0px;--awb-border-radius-bottom-left:0px;--awb-padding-top:7%;--awb-padding-bottom:7%;--awb-background-color:var(--awb-color3);--awb-flex-wrap:wrap;\" ><div class=\"fusion-builder-row fusion-row fusion-flex-align-items-center fusion-flex-content-wrap\" style=\"max-width:1248px;margin-left: calc(-4% \/ 2 );margin-right: calc(-4% \/ 2 );\"><div class=\"fusion-layout-column fusion_builder_column fusion-builder-column-11 fusion_builder_column_1_1 1_1 fusion-flex-column fusion-flex-align-self-center\" style=\"--awb-padding-top:5%;--awb-padding-right:10%;--awb-padding-bottom:10%;--awb-padding-left:10%;--awb-overflow:hidden;--awb-bg-color:var(--awb-color4);--awb-bg-color-hover:var(--awb-color4);--awb-bg-size:cover;--awb-border-color:var(--awb-color4);--awb-border-top:1px;--awb-border-right:1px;--awb-border-bottom:1px;--awb-border-left:1px;--awb-border-style:solid;--awb-border-radius:25px 25px 25px 25px;--awb-filter:opacity(95%);--awb-filter-transition:filter 0.3s ease;--awb-filter-hover:opacity(100%);--awb-width-large:100%;--awb-margin-top-large:20px;--awb-spacing-right-large:1.92%;--awb-margin-bottom-large:20px;--awb-spacing-left-large:1.92%;--awb-width-medium:100%;--awb-order-medium:0;--awb-spacing-right-medium:1.92%;--awb-spacing-left-medium:1.92%;--awb-width-small:100%;--awb-order-small:0;--awb-spacing-right-small:1.92%;--awb-spacing-left-small:1.92%;\"><div class=\"fusion-column-wrapper lazyload fusion-column-has-shadow fusion-flex-justify-content-center fusion-content-layout-column fusion-column-has-bg-image\" data-bg-url=\"https:\/\/www.senanque.fr\/wp-content\/uploads\/2020\/01\/Flamme-Fr-JMarc.png\" data-bg=\"https:\/\/www.senanque.fr\/wp-content\/uploads\/2020\/01\/Flamme-Fr-JMarc.png\"><div class=\"fusion-title title fusion-title-7 fusion-sep-none fusion-title-text fusion-title-size-two\" style=\"--awb-text-color:var(--awb-color3);--awb-margin-top:5%;--awb-margin-bottom:5%;--awb-margin-top-small:5%;--awb-margin-right-small:0px;--awb-margin-bottom-small:5%;--awb-margin-left-small:0px;--awb-margin-top-medium:5%;--awb-margin-bottom-medium:5%;\"><h2 class=\"fusion-title-heading title-heading-right\" style=\"margin:0;\">Support us<\/h2><\/div><div class=\"fusion-text fusion-text-5\" style=\"--awb-content-alignment:right;--awb-text-color:var(--awb-color3);\"><p>To allow us to preserve the exceptional heritage of our Abbey and help our community.<br \/>\nYou can help us by donating online. This donation entitles you to a tax reduction.<\/p>\n<p>You can also send your donation directly to the Abbey:<br \/>\n<strong>Senanque Abbey \u2013 Father Prior \u2013 84220 GORDES<\/strong><\/p>\n<p>We thank you in advance for your help and generosity.<\/p>\n<\/div><div style=\"text-align:right;\"><a class=\"fusion-button button-flat fusion-button-default-size button-default fusion-button-default button-1 fusion-button-default-span fusion-button-default-type\" style=\"--button_typography-font-family:-apple-system, BlinkMacSystemFont, &#039;Segoe UI&#039;, Roboto, Oxygen-Sans, Ubuntu, Cantarell, &#039;Helvetica Neue&#039; ,sans-serif;--button_typography-font-style:normal;--button_typography-font-weight:700;--button_margin-top:5%;\" target=\"_blank\" rel=\"noopener noreferrer\" href=\"https:\/\/don.fondationdesmonasteres.org\/support-en\"><span class=\"fusion-button-text awb-button__text awb-button__text--default\">Make a donation <\/span><\/a><\/div><\/div><\/div><\/div><\/div>\n","protected":false},"excerpt":{"rendered":"Notre-Dame de S\u00e9nanque communityHomeOur dayJust like during the 12th\u00a0century, a","protected":false},"author":2,"featured_media":0,"parent":0,"menu_order":0,"comment_status":"closed","ping_status":"closed","template":"100-width.php","meta":{"_acf_changed":false,"_monsterinsights_skip_tracking":false,"_monsterinsights_sitenote_active":false,"_monsterinsights_sitenote_note":"","_monsterinsights_sitenote_category":0,"footnotes":""},"class_list":["post-10620","page","type-page","status-publish","hentry"],"acf":[],"_links":{"self":[{"href":"https:\/\/www.senanque.fr\/en\/wp-json\/wp\/v2\/pages\/10620","targetHints":{"allow":["GET"]}}],"collection":[{"href":"https:\/\/www.senanque.fr\/en\/wp-json\/wp\/v2\/pages"}],"about":[{"href":"https:\/\/www.senanque.fr\/en\/wp-json\/wp\/v2\/types\/page"}],"author":[{"embeddable":true,"href":"https:\/\/www.senanque.fr\/en\/wp-json\/wp\/v2\/users\/2"}],"replies":[{"embeddable":true,"href":"https:\/\/www.senanque.fr\/en\/wp-json\/wp\/v2\/comments?post=10620"}],"version-history":[{"count":5,"href":"https:\/\/www.senanque.fr\/en\/wp-json\/wp\/v2\/pages\/10620\/revisions"}],"predecessor-version":[{"id":13834,"href":"https:\/\/www.senanque.fr\/en\/wp-json\/wp\/v2\/pages\/10620\/revisions\/13834"}],"wp:attachment":[{"href":"https:\/\/www.senanque.fr\/en\/wp-json\/wp\/v2\/media?parent=10620"}],"curies":[{"name":"wp","href":"https:\/\/api.w.org\/{rel}","templated":true}]}}